{"id":5553,"date":"2022-11-12T15:24:02","date_gmt":"2022-11-12T15:24:02","guid":{"rendered":"https:\/\/galerieballesteros.fr\/portfolio-items\/pierre-ysern-y-alie-1875-1946-catalan\/"},"modified":"2024-11-30T14:40:39","modified_gmt":"2024-11-30T14:40:39","slug":"pierre-ysern-y-alie-1875-1946-catalan","status":"publish","type":"avada_portfolio","link":"https:\/\/galerieballesteros.fr\/en\/portfolio-items\/pierre-ysern-y-alie-1875-1946-catalan\/","title":{"rendered":"Pierre YSERN Y ALI\u00c9 (1875-1946) Catalan &#8211;"},"content":{"rendered":"<p><div class=\"fusion-fullwidth fullwidth-box fusion-builder-row-1 fusion-flex-container nonhundred-percent-fullwidth non-hundred-percent-height-scrolling\" style=\"--awb-border-radius-top-left:0px;--awb-border-radius-top-right:0px;--awb-border-radius-bottom-right:0px;--awb-border-radius-bottom-left:0px;--awb-padding-top:0px;--awb-margin-top:30px;--awb-flex-wrap:wrap;\" ><div class=\"fusion-builder-row fusion-row fusion-flex-align-items-flex-start fusion-flex-content-wrap\" style=\"max-width:1996.8px;margin-left: calc(-4% \/ 2 );margin-right: calc(-4% \/ 2 );\"><div class=\"fusion-layout-column fusion_builder_column fusion-builder-column-0 fusion_builder_column_2_3 2_3 fusion-flex-column\" style=\"--awb-bg-size:cover;--awb-width-large:66.666666666667%;--awb-margin-top-large:0px;--awb-spacing-right-large:2.88%;--awb-margin-bottom-large:20px;--awb-spacing-left-large:2.88%;--awb-width-medium:66.666666666667%;--awb-order-medium:0;--awb-spacing-right-medium:2.88%;--awb-spacing-left-medium:2.88%;--awb-width-small:100%;--awb-order-small:0;--awb-spacing-right-small:1.92%;--awb-spacing-left-small:1.92%;\"><div class=\"fusion-column-wrapper fusion-column-has-shadow fusion-flex-justify-content-flex-start fusion-content-layout-column\"><div class=\"awb-gallery-wrapper awb-gallery-wrapper-1 button-span-no\"><div style=\"margin:-5px;--awb-bordersize:0px;\" class=\"fusion-gallery fusion-gallery-container fusion-grid-1 fusion-columns-total-8 fusion-gallery-layout-grid fusion-gallery-1\"><div style=\"padding:5px;\" class=\"fusion-grid-column fusion-gallery-column fusion-gallery-column-1 hover-type-none\"><div class=\"fusion-gallery-image\"><a href=\"https:\/\/galerieballesteros.fr\/wp-content\/uploads\/2022\/11\/Pierre-YSERN-Y-ALIE-1875-1946-1.jpg\" rel=\"noreferrer\" data-rel=\"iLightbox[gallery_image_1]\" class=\"fusion-lightbox\" target=\"_self\"><img decoding=\"async\" src=\"https:\/\/galerieballesteros.fr\/wp-content\/uploads\/2022\/11\/Pierre-YSERN-Y-ALIE-1875-1946-1.jpg\" data-orig-src=\"https:\/\/galerieballesteros.fr\/wp-content\/uploads\/2022\/11\/Pierre-YSERN-Y-ALIE-1875-1946-1.jpg\" width=\"1471\" height=\"1200\" alt=\"Pierre YSERN Y ALI\u00c9 (1875-1946) 1\" title=\"Pierre YSERN Y ALI\u00c9 (1875-1946) 1\" aria-label=\"Pierre YSERN Y ALI\u00c9 (1875-1946) 1\" class=\"lazyload img-responsive wp-image-5426\" srcset=\"data:image\/svg+xml,%3Csvg%20xmlns%3D%27http%3A%2F%2Fwww.w3.org%2F2000%2Fsvg%27%20width%3D%271471%27%20height%3D%271200%27%20viewBox%3D%270%200%201471%201200%27%3E%3Crect%20width%3D%271471%27%20height%3D%271200%27%20fill-opacity%3D%220%22%2F%3E%3C%2Fsvg%3E\" data-srcset=\"https:\/\/galerieballesteros.fr\/wp-content\/uploads\/2022\/11\/Pierre-YSERN-Y-ALIE-1875-1946-1-200x163.jpg 200w, https:\/\/galerieballesteros.fr\/wp-content\/uploads\/2022\/11\/Pierre-YSERN-Y-ALIE-1875-1946-1-400x326.jpg 400w, https:\/\/galerieballesteros.fr\/wp-content\/uploads\/2022\/11\/Pierre-YSERN-Y-ALIE-1875-1946-1-600x489.jpg 600w, https:\/\/galerieballesteros.fr\/wp-content\/uploads\/2022\/11\/Pierre-YSERN-Y-ALIE-1875-1946-1-800x653.jpg 800w, https:\/\/galerieballesteros.fr\/wp-content\/uploads\/2022\/11\/Pierre-YSERN-Y-ALIE-1875-1946-1-1200x979.jpg 1200w, https:\/\/galerieballesteros.fr\/wp-content\/uploads\/2022\/11\/Pierre-YSERN-Y-ALIE-1875-1946-1.jpg 1471w\" data-sizes=\"auto\" data-orig-sizes=\"(min-width: 2200px) 100vw, (min-width: 640px) 1920px, \" \/><\/a><\/div><\/div><div class=\"clearfix\"><\/div><div style=\"padding:5px;\" class=\"fusion-grid-column fusion-gallery-column fusion-gallery-column-1 hover-type-none\"><div class=\"fusion-gallery-image\"><a href=\"https:\/\/galerieballesteros.fr\/wp-content\/uploads\/2022\/11\/Pierre-YSERN-Y-ALIE-1875-1946-2.jpg\" rel=\"noreferrer\" data-rel=\"iLightbox[gallery_image_1]\" class=\"fusion-lightbox\" target=\"_self\"><img decoding=\"async\" src=\"https:\/\/galerieballesteros.fr\/wp-content\/uploads\/2022\/11\/Pierre-YSERN-Y-ALIE-1875-1946-2.jpg\" data-orig-src=\"https:\/\/galerieballesteros.fr\/wp-content\/uploads\/2022\/11\/Pierre-YSERN-Y-ALIE-1875-1946-2.jpg\" width=\"1392\" height=\"1200\" alt=\"Pierre YSERN Y ALI\u00c9 (1875-1946) 2\" title=\"Pierre YSERN Y ALI\u00c9 (1875-1946) 2\" aria-label=\"Pierre YSERN Y ALI\u00c9 (1875-1946) 2\" class=\"lazyload img-responsive wp-image-5428\" srcset=\"data:image\/svg+xml,%3Csvg%20xmlns%3D%27http%3A%2F%2Fwww.w3.org%2F2000%2Fsvg%27%20width%3D%271392%27%20height%3D%271200%27%20viewBox%3D%270%200%201392%201200%27%3E%3Crect%20width%3D%271392%27%20height%3D%271200%27%20fill-opacity%3D%220%22%2F%3E%3C%2Fsvg%3E\" data-srcset=\"https:\/\/galerieballesteros.fr\/wp-content\/uploads\/2022\/11\/Pierre-YSERN-Y-ALIE-1875-1946-2-200x172.jpg 200w, https:\/\/galerieballesteros.fr\/wp-content\/uploads\/2022\/11\/Pierre-YSERN-Y-ALIE-1875-1946-2-400x345.jpg 400w, https:\/\/galerieballesteros.fr\/wp-content\/uploads\/2022\/11\/Pierre-YSERN-Y-ALIE-1875-1946-2-600x517.jpg 600w, https:\/\/galerieballesteros.fr\/wp-content\/uploads\/2022\/11\/Pierre-YSERN-Y-ALIE-1875-1946-2-800x690.jpg 800w, https:\/\/galerieballesteros.fr\/wp-content\/uploads\/2022\/11\/Pierre-YSERN-Y-ALIE-1875-1946-2-1200x1034.jpg 1200w, https:\/\/galerieballesteros.fr\/wp-content\/uploads\/2022\/11\/Pierre-YSERN-Y-ALIE-1875-1946-2.jpg 1392w\" data-sizes=\"auto\" data-orig-sizes=\"(min-width: 2200px) 100vw, (min-width: 640px) 1920px, \" \/><\/a><\/div><\/div><div class=\"clearfix\"><\/div><div style=\"padding:5px;\" class=\"fusion-grid-column fusion-gallery-column fusion-gallery-column-1 hover-type-none\"><div class=\"fusion-gallery-image\"><a href=\"https:\/\/galerieballesteros.fr\/wp-content\/uploads\/2022\/11\/Pierre-YSERN-Y-ALIE-1875-1946-3.jpg\" rel=\"noreferrer\" data-rel=\"iLightbox[gallery_image_1]\" class=\"fusion-lightbox\" target=\"_self\"><img decoding=\"async\" src=\"https:\/\/galerieballesteros.fr\/wp-content\/uploads\/2022\/11\/Pierre-YSERN-Y-ALIE-1875-1946-3.jpg\" data-orig-src=\"https:\/\/galerieballesteros.fr\/wp-content\/uploads\/2022\/11\/Pierre-YSERN-Y-ALIE-1875-1946-3.jpg\" width=\"1200\" height=\"1650\" alt=\"Pierre YSERN Y ALI\u00c9 (1875-1946) 3\" title=\"Pierre YSERN Y ALI\u00c9 (1875-1946) 3\" aria-label=\"Pierre YSERN Y ALI\u00c9 (1875-1946) 3\" class=\"lazyload img-responsive wp-image-5430\" srcset=\"data:image\/svg+xml,%3Csvg%20xmlns%3D%27http%3A%2F%2Fwww.w3.org%2F2000%2Fsvg%27%20width%3D%271200%27%20height%3D%271650%27%20viewBox%3D%270%200%201200%201650%27%3E%3Crect%20width%3D%271200%27%20height%3D%271650%27%20fill-opacity%3D%220%22%2F%3E%3C%2Fsvg%3E\" data-srcset=\"https:\/\/galerieballesteros.fr\/wp-content\/uploads\/2022\/11\/Pierre-YSERN-Y-ALIE-1875-1946-3-200x275.jpg 200w, https:\/\/galerieballesteros.fr\/wp-content\/uploads\/2022\/11\/Pierre-YSERN-Y-ALIE-1875-1946-3-400x550.jpg 400w, https:\/\/galerieballesteros.fr\/wp-content\/uploads\/2022\/11\/Pierre-YSERN-Y-ALIE-1875-1946-3-600x825.jpg 600w, https:\/\/galerieballesteros.fr\/wp-content\/uploads\/2022\/11\/Pierre-YSERN-Y-ALIE-1875-1946-3-800x1100.jpg 800w, https:\/\/galerieballesteros.fr\/wp-content\/uploads\/2022\/11\/Pierre-YSERN-Y-ALIE-1875-1946-3.jpg 1200w\" data-sizes=\"auto\" data-orig-sizes=\"(min-width: 2200px) 100vw, (min-width: 640px) 1920px, \" \/><\/a><\/div><\/div><div class=\"clearfix\"><\/div><div style=\"padding:5px;\" class=\"fusion-grid-column fusion-gallery-column fusion-gallery-column-1 hover-type-none\"><div class=\"fusion-gallery-image\"><a href=\"https:\/\/galerieballesteros.fr\/wp-content\/uploads\/2022\/11\/Pierre-YSERN-Y-ALIE-1875-1946-4.jpg\" rel=\"noreferrer\" data-rel=\"iLightbox[gallery_image_1]\" class=\"fusion-lightbox\" target=\"_self\"><img decoding=\"async\" src=\"https:\/\/galerieballesteros.fr\/wp-content\/uploads\/2022\/11\/Pierre-YSERN-Y-ALIE-1875-1946-4.jpg\" data-orig-src=\"https:\/\/galerieballesteros.fr\/wp-content\/uploads\/2022\/11\/Pierre-YSERN-Y-ALIE-1875-1946-4.jpg\" width=\"1200\" height=\"1484\" alt=\"Pierre YSERN Y ALI\u00c9 (1875-1946) 4\" title=\"Pierre YSERN Y ALI\u00c9 (1875-1946) 4\" aria-label=\"Pierre YSERN Y ALI\u00c9 (1875-1946) 4\" class=\"lazyload img-responsive wp-image-5432\" srcset=\"data:image\/svg+xml,%3Csvg%20xmlns%3D%27http%3A%2F%2Fwww.w3.org%2F2000%2Fsvg%27%20width%3D%271200%27%20height%3D%271484%27%20viewBox%3D%270%200%201200%201484%27%3E%3Crect%20width%3D%271200%27%20height%3D%271484%27%20fill-opacity%3D%220%22%2F%3E%3C%2Fsvg%3E\" data-srcset=\"https:\/\/galerieballesteros.fr\/wp-content\/uploads\/2022\/11\/Pierre-YSERN-Y-ALIE-1875-1946-4-200x247.jpg 200w, https:\/\/galerieballesteros.fr\/wp-content\/uploads\/2022\/11\/Pierre-YSERN-Y-ALIE-1875-1946-4-400x495.jpg 400w, https:\/\/galerieballesteros.fr\/wp-content\/uploads\/2022\/11\/Pierre-YSERN-Y-ALIE-1875-1946-4-600x742.jpg 600w, https:\/\/galerieballesteros.fr\/wp-content\/uploads\/2022\/11\/Pierre-YSERN-Y-ALIE-1875-1946-4-800x989.jpg 800w, https:\/\/galerieballesteros.fr\/wp-content\/uploads\/2022\/11\/Pierre-YSERN-Y-ALIE-1875-1946-4.jpg 1200w\" data-sizes=\"auto\" data-orig-sizes=\"(min-width: 2200px) 100vw, (min-width: 640px) 1920px, \" \/><\/a><\/div><\/div><div class=\"clearfix\"><\/div><div style=\"padding:5px;\" class=\"fusion-grid-column fusion-gallery-column fusion-gallery-column-1 hover-type-none\"><div class=\"fusion-gallery-image\"><a href=\"https:\/\/galerieballesteros.fr\/wp-content\/uploads\/2022\/11\/Pierre-YSERN-Y-ALIE-1875-1946-5.jpg\" rel=\"noreferrer\" data-rel=\"iLightbox[gallery_image_1]\" class=\"fusion-lightbox\" target=\"_self\"><img decoding=\"async\" src=\"https:\/\/galerieballesteros.fr\/wp-content\/uploads\/2022\/11\/Pierre-YSERN-Y-ALIE-1875-1946-5.jpg\" data-orig-src=\"https:\/\/galerieballesteros.fr\/wp-content\/uploads\/2022\/11\/Pierre-YSERN-Y-ALIE-1875-1946-5.jpg\" width=\"1200\" height=\"1392\" alt=\"Pierre YSERN Y ALI\u00c9 (1875-1946) 5\" title=\"Pierre YSERN Y ALI\u00c9 (1875-1946) 5\" aria-label=\"Pierre YSERN Y ALI\u00c9 (1875-1946) 5\" class=\"lazyload img-responsive wp-image-5434\" srcset=\"data:image\/svg+xml,%3Csvg%20xmlns%3D%27http%3A%2F%2Fwww.w3.org%2F2000%2Fsvg%27%20width%3D%271200%27%20height%3D%271392%27%20viewBox%3D%270%200%201200%201392%27%3E%3Crect%20width%3D%271200%27%20height%3D%271392%27%20fill-opacity%3D%220%22%2F%3E%3C%2Fsvg%3E\" data-srcset=\"https:\/\/galerieballesteros.fr\/wp-content\/uploads\/2022\/11\/Pierre-YSERN-Y-ALIE-1875-1946-5-200x232.jpg 200w, https:\/\/galerieballesteros.fr\/wp-content\/uploads\/2022\/11\/Pierre-YSERN-Y-ALIE-1875-1946-5-400x464.jpg 400w, https:\/\/galerieballesteros.fr\/wp-content\/uploads\/2022\/11\/Pierre-YSERN-Y-ALIE-1875-1946-5-600x696.jpg 600w, https:\/\/galerieballesteros.fr\/wp-content\/uploads\/2022\/11\/Pierre-YSERN-Y-ALIE-1875-1946-5-800x928.jpg 800w, https:\/\/galerieballesteros.fr\/wp-content\/uploads\/2022\/11\/Pierre-YSERN-Y-ALIE-1875-1946-5.jpg 1200w\" data-sizes=\"auto\" data-orig-sizes=\"(min-width: 2200px) 100vw, (min-width: 640px) 1920px, \" \/><\/a><\/div><\/div><div class=\"clearfix\"><\/div><div style=\"padding:5px;\" class=\"fusion-grid-column fusion-gallery-column fusion-gallery-column-1 hover-type-none\"><div class=\"fusion-gallery-image\"><a href=\"https:\/\/galerieballesteros.fr\/wp-content\/uploads\/2022\/11\/Pierre-YSERN-Y-ALIE-1875-1946-6.jpg\" rel=\"noreferrer\" data-rel=\"iLightbox[gallery_image_1]\" class=\"fusion-lightbox\" target=\"_self\"><img decoding=\"async\" src=\"https:\/\/galerieballesteros.fr\/wp-content\/uploads\/2022\/11\/Pierre-YSERN-Y-ALIE-1875-1946-6.jpg\" data-orig-src=\"https:\/\/galerieballesteros.fr\/wp-content\/uploads\/2022\/11\/Pierre-YSERN-Y-ALIE-1875-1946-6.jpg\" width=\"1641\" height=\"1200\" alt=\"Pierre YSERN Y ALI\u00c9 (1875-1946) 6\" title=\"Pierre YSERN Y ALI\u00c9 (1875-1946) 6\" aria-label=\"Pierre YSERN Y ALI\u00c9 (1875-1946) 6\" class=\"lazyload img-responsive wp-image-5436\" srcset=\"data:image\/svg+xml,%3Csvg%20xmlns%3D%27http%3A%2F%2Fwww.w3.org%2F2000%2Fsvg%27%20width%3D%271641%27%20height%3D%271200%27%20viewBox%3D%270%200%201641%201200%27%3E%3Crect%20width%3D%271641%27%20height%3D%271200%27%20fill-opacity%3D%220%22%2F%3E%3C%2Fsvg%3E\" data-srcset=\"https:\/\/galerieballesteros.fr\/wp-content\/uploads\/2022\/11\/Pierre-YSERN-Y-ALIE-1875-1946-6-200x146.jpg 200w, https:\/\/galerieballesteros.fr\/wp-content\/uploads\/2022\/11\/Pierre-YSERN-Y-ALIE-1875-1946-6-400x293.jpg 400w, https:\/\/galerieballesteros.fr\/wp-content\/uploads\/2022\/11\/Pierre-YSERN-Y-ALIE-1875-1946-6-600x439.jpg 600w, https:\/\/galerieballesteros.fr\/wp-content\/uploads\/2022\/11\/Pierre-YSERN-Y-ALIE-1875-1946-6-800x585.jpg 800w, https:\/\/galerieballesteros.fr\/wp-content\/uploads\/2022\/11\/Pierre-YSERN-Y-ALIE-1875-1946-6-1200x878.jpg 1200w, https:\/\/galerieballesteros.fr\/wp-content\/uploads\/2022\/11\/Pierre-YSERN-Y-ALIE-1875-1946-6.jpg 1641w\" data-sizes=\"auto\" data-orig-sizes=\"(min-width: 2200px) 100vw, (min-width: 640px) 1920px, \" \/><\/a><\/div><\/div><div class=\"clearfix\"><\/div><div style=\"padding:5px;\" class=\"fusion-grid-column fusion-gallery-column fusion-gallery-column-1 hover-type-none\"><div class=\"fusion-gallery-image\"><a href=\"https:\/\/galerieballesteros.fr\/wp-content\/uploads\/2022\/11\/Pierre-YSERN-Y-ALIE-1875-1946-7.jpg\" rel=\"noreferrer\" data-rel=\"iLightbox[gallery_image_1]\" class=\"fusion-lightbox\" target=\"_self\"><img decoding=\"async\" src=\"https:\/\/galerieballesteros.fr\/wp-content\/uploads\/2022\/11\/Pierre-YSERN-Y-ALIE-1875-1946-7.jpg\" data-orig-src=\"https:\/\/galerieballesteros.fr\/wp-content\/uploads\/2022\/11\/Pierre-YSERN-Y-ALIE-1875-1946-7.jpg\" width=\"1878\" height=\"1200\" alt=\"Pierre YSERN Y ALI\u00c9 (1875-1946) 7\" title=\"Pierre YSERN Y ALI\u00c9 (1875-1946) 7\" aria-label=\"Pierre YSERN Y ALI\u00c9 (1875-1946) 7\" class=\"lazyload img-responsive wp-image-5438\" srcset=\"data:image\/svg+xml,%3Csvg%20xmlns%3D%27http%3A%2F%2Fwww.w3.org%2F2000%2Fsvg%27%20width%3D%271878%27%20height%3D%271200%27%20viewBox%3D%270%200%201878%201200%27%3E%3Crect%20width%3D%271878%27%20height%3D%271200%27%20fill-opacity%3D%220%22%2F%3E%3C%2Fsvg%3E\" data-srcset=\"https:\/\/galerieballesteros.fr\/wp-content\/uploads\/2022\/11\/Pierre-YSERN-Y-ALIE-1875-1946-7-200x128.jpg 200w, https:\/\/galerieballesteros.fr\/wp-content\/uploads\/2022\/11\/Pierre-YSERN-Y-ALIE-1875-1946-7-400x256.jpg 400w, https:\/\/galerieballesteros.fr\/wp-content\/uploads\/2022\/11\/Pierre-YSERN-Y-ALIE-1875-1946-7-600x383.jpg 600w, https:\/\/galerieballesteros.fr\/wp-content\/uploads\/2022\/11\/Pierre-YSERN-Y-ALIE-1875-1946-7-800x511.jpg 800w, https:\/\/galerieballesteros.fr\/wp-content\/uploads\/2022\/11\/Pierre-YSERN-Y-ALIE-1875-1946-7-1200x767.jpg 1200w, https:\/\/galerieballesteros.fr\/wp-content\/uploads\/2022\/11\/Pierre-YSERN-Y-ALIE-1875-1946-7.jpg 1878w\" data-sizes=\"auto\" data-orig-sizes=\"(min-width: 2200px) 100vw, (min-width: 640px) 1920px, \" \/><\/a><\/div><\/div><div class=\"clearfix\"><\/div><div style=\"padding:5px;\" class=\"fusion-grid-column fusion-gallery-column fusion-gallery-column-1 hover-type-none\"><div class=\"fusion-gallery-image\"><a href=\"https:\/\/galerieballesteros.fr\/wp-content\/uploads\/2022\/11\/Pierre-YSERN-Y-ALIE-1875-1946-8.jpg\" rel=\"noreferrer\" data-rel=\"iLightbox[gallery_image_1]\" class=\"fusion-lightbox\" target=\"_self\"><img decoding=\"async\" src=\"https:\/\/galerieballesteros.fr\/wp-content\/uploads\/2022\/11\/Pierre-YSERN-Y-ALIE-1875-1946-8.jpg\" data-orig-src=\"https:\/\/galerieballesteros.fr\/wp-content\/uploads\/2022\/11\/Pierre-YSERN-Y-ALIE-1875-1946-8.jpg\" width=\"1643\" height=\"1200\" alt=\"Pierre YSERN Y ALI\u00c9 (1875-1946) 8\" title=\"Pierre YSERN Y ALI\u00c9 (1875-1946) 8\" aria-label=\"Pierre YSERN Y ALI\u00c9 (1875-1946) 8\" class=\"lazyload img-responsive wp-image-5440\" srcset=\"data:image\/svg+xml,%3Csvg%20xmlns%3D%27http%3A%2F%2Fwww.w3.org%2F2000%2Fsvg%27%20width%3D%271643%27%20height%3D%271200%27%20viewBox%3D%270%200%201643%201200%27%3E%3Crect%20width%3D%271643%27%20height%3D%271200%27%20fill-opacity%3D%220%22%2F%3E%3C%2Fsvg%3E\" data-srcset=\"https:\/\/galerieballesteros.fr\/wp-content\/uploads\/2022\/11\/Pierre-YSERN-Y-ALIE-1875-1946-8-200x146.jpg 200w, https:\/\/galerieballesteros.fr\/wp-content\/uploads\/2022\/11\/Pierre-YSERN-Y-ALIE-1875-1946-8-400x292.jpg 400w, https:\/\/galerieballesteros.fr\/wp-content\/uploads\/2022\/11\/Pierre-YSERN-Y-ALIE-1875-1946-8-600x438.jpg 600w, https:\/\/galerieballesteros.fr\/wp-content\/uploads\/2022\/11\/Pierre-YSERN-Y-ALIE-1875-1946-8-800x584.jpg 800w, https:\/\/galerieballesteros.fr\/wp-content\/uploads\/2022\/11\/Pierre-YSERN-Y-ALIE-1875-1946-8-1200x876.jpg 1200w, https:\/\/galerieballesteros.fr\/wp-content\/uploads\/2022\/11\/Pierre-YSERN-Y-ALIE-1875-1946-8.jpg 1643w\" data-sizes=\"auto\" data-orig-sizes=\"(min-width: 2200px) 100vw, (min-width: 640px) 1920px, \" \/><\/a><\/div><\/div><div class=\"clearfix\"><\/div><\/div><\/div><\/div><\/div><div class=\"fusion-layout-column fusion_builder_column fusion-builder-column-1 fusion_builder_column_1_3 1_3 fusion-flex-column\" style=\"--awb-bg-size:cover;--awb-width-large:33.333333333333%;--awb-margin-top-large:0px;--awb-spacing-right-large:5.76%;--awb-margin-bottom-large:20px;--awb-spacing-left-large:5.76%;--awb-width-medium:33.333333333333%;--awb-order-medium:0;--awb-spacing-right-medium:5.76%;--awb-spacing-left-medium:5.76%;--awb-width-small:100%;--awb-order-small:0;--awb-spacing-right-small:1.92%;--awb-spacing-left-small:1.92%;\"><div class=\"fusion-column-wrapper fusion-column-has-shadow fusion-flex-justify-content-flex-start fusion-content-layout-column\"><div class=\"fusion-text fusion-text-1\" style=\"--awb-text-transform:none;\"><h2>Pierre Ysern y Ali\u00e9 The &#8220;painter of dancers<\/h2>\n<h6>The ballet &#8211; circa 1910<\/h6>\n<h6>Oil on canvas Signed lower right<span class=\"Apple-converted-space\">Dimensions: 60.5 x 73 cm, with frame: 79 x 91 cm<\/span><\/h6>\n<h6>sold<\/h6>\n<div class=\"fusion-separator fusion-full-width-sep\" style=\"align-self: center;margin-left: auto;margin-right: auto;margin-bottom:15px;width:100%;\"><div class=\"fusion-separator-border sep-double\" style=\"--awb-height:20px;--awb-amount:20px;border-color:#e2e2e2;border-top-width:0px;border-bottom-width:0px;\"><\/div><\/div>\n<p>&#8220;Ysern has eyes only for them&#8230; Already the girls swirl. They look like living flowers that quickly draw unknown figures in space&#8230; The projectors drown them in pink, then green, yellow light&#8230; [&#8230;] Ysern suddenly started to paint. I observe him. His gaze embraces the scene with a quick glance and the colors flit across the stage.&#8221; Andr\u00e9 Payer, Revue litt\u00e9raire, 1924. This painting is the image of the painter&#8217;s affection for the dancers he paints: bright, lively and reciprocal. In the center, he grabs a dancer who, like a white flower, is about to make the petals of her petticoat twirl. Behind her, the painter sets the scene: he suggests two dancers, the curtain and the backstage with a spontaneous gesture. In the foreground, Ysern y Ali\u00e9 briefly signifies some musical instruments: the top of a harp, a cello&#8230; By doing so, he gives the spectator the impression of watching the dancers from the orchestra. The palette, vivid, detours the subjects in large colored masses. His pictorial mastery makes him a supporter of color rather than drawing. In Paris, the painter had taken the habit of going to dance halls which, with the complicity of an usherette, opened a box for him. Inside, he pulled out his little box of painting materials and immediately went to work, while a dazzling firework display of a ballet of girls dazzled on the stage. &#8220;Like Toulouse-Lautrec, he likes to study the striking effects of contrast, the unforeseen relationships, the astonishing lightings that spread, suddenly pointed on a face, a pair of legs in movement, the raw and pallid light of a projector&#8221;, testifies Andr\u00e9 Payer. Did Ysern Y Ali\u00e9 seek to continue the tradition of Degas? Georges Turpin, a friend and critic, answers negatively. In Catalonia, Ali\u00e9 defines himself as an impressionist who ignores himself. In Paris, he became aware of the affinity he had with a Renoir, a Pissaro or a Manet. Subsequently, he was classified as a Tachist.  <b>Bibliography:<\/b><\/p>\n<ul>\n<li>Rafael Manzano, Pere Ysern i Ali\u00e9 1875-1946, Diccionari R\u00e0fols\/edicions catalanes, Biblioteca Monografica de Arte Hispanica, Barcelona, 1990<\/li>\n<li>In 1924, Georges Turpin devoted a brief biography to him: &#8220;Pere Ysern i Ali\u00e9 peintre de danseuses&#8221;, article of the literary and artistic Revue, Paris Georges Turpin, Pierre Ysern y Ali\u00e9 peintre de danseuses, Paris, 1924.<\/li>\n<li>Rafael Manzano, Pere Ysern, Edicions Catalanes, Barcelona, 1990.<\/li>\n<li>Froukje Hoekdtra, Toulouse-Lautrec, PML Editions for the French edition, Paris 1993.<\/li>\n<li>Jacques Lassaigne, L&#8217;Impressionisme, sources et d\u00e9passement, 1859-1900, Skira, Geneva, 1974.<\/li>\n<li>Patrick Weber, Histoire de l&#8217;art et des styles, Librio, 2005.<\/li>\n<\/ul>\n<p><b>Major exhibitions and events<\/b> &#8211; 1888: Barcelona World Fair  <\/p>\n<ul>\n<li>1919: National Exhibition of Fine Arts in Barcelona (Main works: Pedralles and Surroundings of Barcelona)<\/li>\n<li>1925 : Exhibition at the Daulmau Gallery in Barcelona<\/li>\n<li>1927: Exhibition at the Pinacoteca<\/li>\n<\/ul>\n<h6><\/h6>\n<\/div><\/div><\/div><\/div><\/div><div class=\"fusion-fullwidth fullwidth-box fusion-builder-row-2 fusion-flex-container nonhundred-percent-fullwidth non-hundred-percent-height-scrolling\" style=\"--awb-border-radius-top-left:0px;--awb-border-radius-top-right:0px;--awb-border-radius-bottom-right:0px;--awb-border-radius-bottom-left:0px;--awb-flex-wrap:wrap;\" ><div class=\"fusion-builder-row fusion-row fusion-flex-align-items-flex-start fusion-flex-content-wrap\" style=\"max-width:1996.8px;margin-left: calc(-4% \/ 2 );margin-right: calc(-4% \/ 2 );\"><div class=\"fusion-layout-column fusion_builder_column fusion-builder-column-2 fusion_builder_column_1_1 1_1 fusion-flex-column\" style=\"--awb-bg-size:cover;--awb-width-large:100%;--awb-margin-top-large:0px;--awb-spacing-right-large:1.92%;--awb-margin-bottom-large:20px;--awb-spacing-left-large:1.92%;--awb-width-medium:100%;--awb-order-medium:0;--awb-spacing-right-medium:1.92%;--awb-spacing-left-medium:1.92%;--awb-width-small:100%;--awb-order-small:0;--awb-spacing-right-small:1.92%;--awb-spacing-left-small:1.92%;\"><div class=\"fusion-column-wrapper fusion-column-has-shadow fusion-flex-justify-content-flex-start fusion-content-layout-column\"><\/div><\/div><\/div><\/div><div class=\"fusion-fullwidth fullwidth-box fusion-builder-row-3 fusion-flex-container nonhundred-percent-fullwidth non-hundred-percent-height-scrolling\" style=\"--awb-border-radius-top-left:0px;--awb-border-radius-top-right:0px;--awb-border-radius-bottom-right:0px;--awb-border-radius-bottom-left:0px;--awb-flex-wrap:wrap;\" ><div class=\"fusion-builder-row fusion-row fusion-flex-align-items-flex-start fusion-flex-content-wrap\" style=\"max-width:1996.8px;margin-left: calc(-4% \/ 2 );margin-right: calc(-4% \/ 2 );\"><div class=\"fusion-layout-column fusion_builder_column fusion-builder-column-3 fusion_builder_column_1_1 1_1 fusion-flex-column\" style=\"--awb-bg-blend:overlay;--awb-bg-size:cover;--awb-width-large:100%;--awb-margin-top-large:0px;--awb-spacing-right-large:1.92%;--awb-margin-bottom-large:0px;--awb-spacing-left-large:1.92%;--awb-width-medium:100%;--awb-spacing-right-medium:1.92%;--awb-spacing-left-medium:1.92%;--awb-width-small:100%;--awb-spacing-right-small:1.92%;--awb-spacing-left-small:1.92%;\"><div class=\"fusion-column-wrapper fusion-flex-justify-content-flex-start fusion-content-layout-column\"><div class=\"fusion-text fusion-text-2\"><\/div><\/div><\/div><\/div><\/div><\/p>\n","protected":false},"excerpt":{"rendered":"","protected":false},"author":2,"featured_media":5427,"menu_order":0,"comment_status":"open","ping_status":"closed","template":"","format":"standard","meta":{"_monsterinsights_skip_tracking":false,"_monsterinsights_sitenote_active":false,"_monsterinsights_sitenote_note":"","_monsterinsights_sitenote_category":0,"footnotes":""},"portfolio_category":[77],"portfolio_skills":[],"portfolio_tags":[],"class_list":["post-5553","avada_portfolio","type-avada_portfolio","status-publish","format-standard","has-post-thumbnail","hentry","portfolio_category-archives-en"],"yoast_head":"<!-- This site is optimized with the Yoast SEO plugin v27.5 - https:\/\/yoast.com\/product\/yoast-seo-wordpress\/ -->\n<title>Pierre YSERN Y ALI\u00c9 (1875-1946) Catalan - Galerie Ballesteros<\/title>\n<meta name=\"robots\" content=\"index, follow, max-snippet:-1, max-image-preview:large, max-video-preview:-1\" \/>\n<link rel=\"canonical\" href=\"https:\/\/galerieballesteros.fr\/en\/portfolio-items\/pierre-ysern-y-alie-1875-1946-catalan\/\" \/>\n<meta property=\"og:locale\" content=\"en_US\" \/>\n<meta property=\"og:type\" content=\"article\" \/>\n<meta property=\"og:title\" content=\"Pierre YSERN Y ALI\u00c9 (1875-1946) Catalan - Galerie Ballesteros\" \/>\n<meta property=\"og:url\" content=\"https:\/\/galerieballesteros.fr\/en\/portfolio-items\/pierre-ysern-y-alie-1875-1946-catalan\/\" \/>\n<meta property=\"og:site_name\" content=\"Galerie Ballesteros\" \/>\n<meta property=\"article:publisher\" content=\"https:\/\/www.facebook.com\/galerieballesterosparis\/\" \/>\n<meta property=\"article:modified_time\" content=\"2024-11-30T14:40:39+00:00\" \/>\n<meta property=\"og:image\" content=\"https:\/\/galerieballesteros.fr\/wp-content\/uploads\/2022\/11\/Pierre-YSERN-Y-ALIE-1875-1946-1.jpg\" \/>\n\t<meta property=\"og:image:width\" content=\"1471\" \/>\n\t<meta property=\"og:image:height\" content=\"1200\" \/>\n\t<meta property=\"og:image:type\" content=\"image\/jpeg\" \/>\n<meta name=\"twitter:card\" content=\"summary_large_image\" \/>\n<meta name=\"twitter:label1\" content=\"Est. reading time\" \/>\n\t<meta name=\"twitter:data1\" content=\"8 minutes\" \/>\n<script type=\"application\/ld+json\" class=\"yoast-schema-graph\">{\"@context\":\"https:\\\/\\\/schema.org\",\"@graph\":[{\"@type\":\"WebPage\",\"@id\":\"https:\\\/\\\/galerieballesteros.fr\\\/en\\\/portfolio-items\\\/pierre-ysern-y-alie-1875-1946-catalan\\\/\",\"url\":\"https:\\\/\\\/galerieballesteros.fr\\\/en\\\/portfolio-items\\\/pierre-ysern-y-alie-1875-1946-catalan\\\/\",\"name\":\"Pierre YSERN Y ALI\u00c9 (1875-1946) Catalan - Galerie Ballesteros\",\"isPartOf\":{\"@id\":\"https:\\\/\\\/galerieballesteros.fr\\\/#website\"},\"primaryImageOfPage\":{\"@id\":\"https:\\\/\\\/galerieballesteros.fr\\\/en\\\/portfolio-items\\\/pierre-ysern-y-alie-1875-1946-catalan\\\/#primaryimage\"},\"image\":{\"@id\":\"https:\\\/\\\/galerieballesteros.fr\\\/en\\\/portfolio-items\\\/pierre-ysern-y-alie-1875-1946-catalan\\\/#primaryimage\"},\"thumbnailUrl\":\"https:\\\/\\\/galerieballesteros.fr\\\/wp-content\\\/uploads\\\/2022\\\/11\\\/Pierre-YSERN-Y-ALIE-1875-1946-1.jpg\",\"datePublished\":\"2022-11-12T15:24:02+00:00\",\"dateModified\":\"2024-11-30T14:40:39+00:00\",\"breadcrumb\":{\"@id\":\"https:\\\/\\\/galerieballesteros.fr\\\/en\\\/portfolio-items\\\/pierre-ysern-y-alie-1875-1946-catalan\\\/#breadcrumb\"},\"inLanguage\":\"en-US\",\"potentialAction\":[{\"@type\":\"ReadAction\",\"target\":[\"https:\\\/\\\/galerieballesteros.fr\\\/en\\\/portfolio-items\\\/pierre-ysern-y-alie-1875-1946-catalan\\\/\"]}]},{\"@type\":\"ImageObject\",\"inLanguage\":\"en-US\",\"@id\":\"https:\\\/\\\/galerieballesteros.fr\\\/en\\\/portfolio-items\\\/pierre-ysern-y-alie-1875-1946-catalan\\\/#primaryimage\",\"url\":\"https:\\\/\\\/galerieballesteros.fr\\\/wp-content\\\/uploads\\\/2022\\\/11\\\/Pierre-YSERN-Y-ALIE-1875-1946-1.jpg\",\"contentUrl\":\"https:\\\/\\\/galerieballesteros.fr\\\/wp-content\\\/uploads\\\/2022\\\/11\\\/Pierre-YSERN-Y-ALIE-1875-1946-1.jpg\",\"width\":1471,\"height\":1200,\"caption\":\"Pierre YSERN Y ALI\u00c9 (1875-1946) 1\"},{\"@type\":\"BreadcrumbList\",\"@id\":\"https:\\\/\\\/galerieballesteros.fr\\\/en\\\/portfolio-items\\\/pierre-ysern-y-alie-1875-1946-catalan\\\/#breadcrumb\",\"itemListElement\":[{\"@type\":\"ListItem\",\"position\":1,\"name\":\"Accueil\",\"item\":\"https:\\\/\\\/galerieballesteros.fr\\\/en\\\/homepage\\\/\"},{\"@type\":\"ListItem\",\"position\":2,\"name\":\"Portfolio\",\"item\":\"https:\\\/\\\/galerieballesteros.fr\\\/portfolio-items\\\/\"},{\"@type\":\"ListItem\",\"position\":3,\"name\":\"Pierre YSERN Y ALI\u00c9 (1875-1946) Catalan &#8211;\"}]},{\"@type\":\"WebSite\",\"@id\":\"https:\\\/\\\/galerieballesteros.fr\\\/#website\",\"url\":\"https:\\\/\\\/galerieballesteros.fr\\\/\",\"name\":\"Galerie Ballesteros\",\"description\":\"L&#039;Art que vous aimez\",\"publisher\":{\"@id\":\"https:\\\/\\\/galerieballesteros.fr\\\/#organization\"},\"potentialAction\":[{\"@type\":\"SearchAction\",\"target\":{\"@type\":\"EntryPoint\",\"urlTemplate\":\"https:\\\/\\\/galerieballesteros.fr\\\/?s={search_term_string}\"},\"query-input\":{\"@type\":\"PropertyValueSpecification\",\"valueRequired\":true,\"valueName\":\"search_term_string\"}}],\"inLanguage\":\"en-US\"},{\"@type\":\"Organization\",\"@id\":\"https:\\\/\\\/galerieballesteros.fr\\\/#organization\",\"name\":\"Galerie Ballesteros\",\"url\":\"https:\\\/\\\/galerieballesteros.fr\\\/\",\"logo\":{\"@type\":\"ImageObject\",\"inLanguage\":\"en-US\",\"@id\":\"https:\\\/\\\/galerieballesteros.fr\\\/#\\\/schema\\\/logo\\\/image\\\/\",\"url\":\"https:\\\/\\\/galerieballesteros.fr\\\/wp-content\\\/uploads\\\/2022\\\/03\\\/Logo-Sigle-Insta.png\",\"contentUrl\":\"https:\\\/\\\/galerieballesteros.fr\\\/wp-content\\\/uploads\\\/2022\\\/03\\\/Logo-Sigle-Insta.png\",\"width\":612,\"height\":619,\"caption\":\"Galerie Ballesteros\"},\"image\":{\"@id\":\"https:\\\/\\\/galerieballesteros.fr\\\/#\\\/schema\\\/logo\\\/image\\\/\"},\"sameAs\":[\"https:\\\/\\\/www.facebook.com\\\/galerieballesterosparis\\\/\",\"https:\\\/\\\/www.instagram.com\\\/galerieballesteros\\\/\"]}]}<\/script>\n<!-- \/ Yoast SEO plugin. -->","yoast_head_json":{"title":"Pierre YSERN Y ALI\u00c9 (1875-1946) Catalan - Galerie Ballesteros","robots":{"index":"index","follow":"follow","max-snippet":"max-snippet:-1","max-image-preview":"max-image-preview:large","max-video-preview":"max-video-preview:-1"},"canonical":"https:\/\/galerieballesteros.fr\/en\/portfolio-items\/pierre-ysern-y-alie-1875-1946-catalan\/","og_locale":"en_US","og_type":"article","og_title":"Pierre YSERN Y ALI\u00c9 (1875-1946) Catalan - Galerie Ballesteros","og_url":"https:\/\/galerieballesteros.fr\/en\/portfolio-items\/pierre-ysern-y-alie-1875-1946-catalan\/","og_site_name":"Galerie Ballesteros","article_publisher":"https:\/\/www.facebook.com\/galerieballesterosparis\/","article_modified_time":"2024-11-30T14:40:39+00:00","og_image":[{"width":1471,"height":1200,"url":"https:\/\/galerieballesteros.fr\/wp-content\/uploads\/2022\/11\/Pierre-YSERN-Y-ALIE-1875-1946-1.jpg","type":"image\/jpeg"}],"twitter_card":"summary_large_image","twitter_misc":{"Est. reading time":"8 minutes"},"schema":{"@context":"https:\/\/schema.org","@graph":[{"@type":"WebPage","@id":"https:\/\/galerieballesteros.fr\/en\/portfolio-items\/pierre-ysern-y-alie-1875-1946-catalan\/","url":"https:\/\/galerieballesteros.fr\/en\/portfolio-items\/pierre-ysern-y-alie-1875-1946-catalan\/","name":"Pierre YSERN Y ALI\u00c9 (1875-1946) Catalan - Galerie Ballesteros","isPartOf":{"@id":"https:\/\/galerieballesteros.fr\/#website"},"primaryImageOfPage":{"@id":"https:\/\/galerieballesteros.fr\/en\/portfolio-items\/pierre-ysern-y-alie-1875-1946-catalan\/#primaryimage"},"image":{"@id":"https:\/\/galerieballesteros.fr\/en\/portfolio-items\/pierre-ysern-y-alie-1875-1946-catalan\/#primaryimage"},"thumbnailUrl":"https:\/\/galerieballesteros.fr\/wp-content\/uploads\/2022\/11\/Pierre-YSERN-Y-ALIE-1875-1946-1.jpg","datePublished":"2022-11-12T15:24:02+00:00","dateModified":"2024-11-30T14:40:39+00:00","breadcrumb":{"@id":"https:\/\/galerieballesteros.fr\/en\/portfolio-items\/pierre-ysern-y-alie-1875-1946-catalan\/#breadcrumb"},"inLanguage":"en-US","potentialAction":[{"@type":"ReadAction","target":["https:\/\/galerieballesteros.fr\/en\/portfolio-items\/pierre-ysern-y-alie-1875-1946-catalan\/"]}]},{"@type":"ImageObject","inLanguage":"en-US","@id":"https:\/\/galerieballesteros.fr\/en\/portfolio-items\/pierre-ysern-y-alie-1875-1946-catalan\/#primaryimage","url":"https:\/\/galerieballesteros.fr\/wp-content\/uploads\/2022\/11\/Pierre-YSERN-Y-ALIE-1875-1946-1.jpg","contentUrl":"https:\/\/galerieballesteros.fr\/wp-content\/uploads\/2022\/11\/Pierre-YSERN-Y-ALIE-1875-1946-1.jpg","width":1471,"height":1200,"caption":"Pierre YSERN Y ALI\u00c9 (1875-1946) 1"},{"@type":"BreadcrumbList","@id":"https:\/\/galerieballesteros.fr\/en\/portfolio-items\/pierre-ysern-y-alie-1875-1946-catalan\/#breadcrumb","itemListElement":[{"@type":"ListItem","position":1,"name":"Accueil","item":"https:\/\/galerieballesteros.fr\/en\/homepage\/"},{"@type":"ListItem","position":2,"name":"Portfolio","item":"https:\/\/galerieballesteros.fr\/portfolio-items\/"},{"@type":"ListItem","position":3,"name":"Pierre YSERN Y ALI\u00c9 (1875-1946) Catalan &#8211;"}]},{"@type":"WebSite","@id":"https:\/\/galerieballesteros.fr\/#website","url":"https:\/\/galerieballesteros.fr\/","name":"Galerie Ballesteros","description":"L&#039;Art que vous aimez","publisher":{"@id":"https:\/\/galerieballesteros.fr\/#organization"},"potentialAction":[{"@type":"SearchAction","target":{"@type":"EntryPoint","urlTemplate":"https:\/\/galerieballesteros.fr\/?s={search_term_string}"},"query-input":{"@type":"PropertyValueSpecification","valueRequired":true,"valueName":"search_term_string"}}],"inLanguage":"en-US"},{"@type":"Organization","@id":"https:\/\/galerieballesteros.fr\/#organization","name":"Galerie Ballesteros","url":"https:\/\/galerieballesteros.fr\/","logo":{"@type":"ImageObject","inLanguage":"en-US","@id":"https:\/\/galerieballesteros.fr\/#\/schema\/logo\/image\/","url":"https:\/\/galerieballesteros.fr\/wp-content\/uploads\/2022\/03\/Logo-Sigle-Insta.png","contentUrl":"https:\/\/galerieballesteros.fr\/wp-content\/uploads\/2022\/03\/Logo-Sigle-Insta.png","width":612,"height":619,"caption":"Galerie Ballesteros"},"image":{"@id":"https:\/\/galerieballesteros.fr\/#\/schema\/logo\/image\/"},"sameAs":["https:\/\/www.facebook.com\/galerieballesterosparis\/","https:\/\/www.instagram.com\/galerieballesteros\/"]}]}},"_links":{"self":[{"href":"https:\/\/galerieballesteros.fr\/en\/wp-json\/wp\/v2\/avada_portfolio\/5553","targetHints":{"allow":["GET"]}}],"collection":[{"href":"https:\/\/galerieballesteros.fr\/en\/wp-json\/wp\/v2\/avada_portfolio"}],"about":[{"href":"https:\/\/galerieballesteros.fr\/en\/wp-json\/wp\/v2\/types\/avada_portfolio"}],"author":[{"embeddable":true,"href":"https:\/\/galerieballesteros.fr\/en\/wp-json\/wp\/v2\/users\/2"}],"replies":[{"embeddable":true,"href":"https:\/\/galerieballesteros.fr\/en\/wp-json\/wp\/v2\/comments?post=5553"}],"version-history":[{"count":11,"href":"https:\/\/galerieballesteros.fr\/en\/wp-json\/wp\/v2\/avada_portfolio\/5553\/revisions"}],"predecessor-version":[{"id":10673,"href":"https:\/\/galerieballesteros.fr\/en\/wp-json\/wp\/v2\/avada_portfolio\/5553\/revisions\/10673"}],"wp:featuredmedia":[{"embeddable":true,"href":"https:\/\/galerieballesteros.fr\/en\/wp-json\/wp\/v2\/media\/5427"}],"wp:attachment":[{"href":"https:\/\/galerieballesteros.fr\/en\/wp-json\/wp\/v2\/media?parent=5553"}],"wp:term":[{"taxonomy":"portfolio_category","embeddable":true,"href":"https:\/\/galerieballesteros.fr\/en\/wp-json\/wp\/v2\/portfolio_category?post=5553"},{"taxonomy":"portfolio_skills","embeddable":true,"href":"https:\/\/galerieballesteros.fr\/en\/wp-json\/wp\/v2\/portfolio_skills?post=5553"},{"taxonomy":"portfolio_tags","embeddable":true,"href":"https:\/\/galerieballesteros.fr\/en\/wp-json\/wp\/v2\/portfolio_tags?post=5553"}],"curies":[{"name":"wp","href":"https:\/\/api.w.org\/{rel}","templated":true}]}}