{"id":5114,"date":"2022-07-31T14:42:36","date_gmt":"2022-07-31T14:42:36","guid":{"rendered":"https:\/\/galerieballesteros.fr\/portfolio-items\/frederic-samuel-cordey-1854-1911-2\/"},"modified":"2022-12-12T14:24:23","modified_gmt":"2022-12-12T14:24:23","slug":"frederic-samuel-cordey-1854-1911-2","status":"publish","type":"avada_portfolio","link":"https:\/\/galerieballesteros.fr\/en\/portfolio-items\/frederic-samuel-cordey-1854-1911-2\/","title":{"rendered":"Fr\u00e9d\u00e9ric Samuel CORDEY (1854 \u2013 1911)"},"content":{"rendered":"<p><div class=\"fusion-fullwidth fullwidth-box fusion-builder-row-1 fusion-flex-container nonhundred-percent-fullwidth non-hundred-percent-height-scrolling\" style=\"--awb-border-radius-top-left:0px;--awb-border-radius-top-right:0px;--awb-border-radius-bottom-right:0px;--awb-border-radius-bottom-left:0px;--awb-padding-top:0px;--awb-margin-top:30px;--awb-flex-wrap:wrap;\" ><div class=\"fusion-builder-row fusion-row fusion-flex-align-items-flex-start fusion-flex-content-wrap\" style=\"max-width:1996.8px;margin-left: calc(-4% \/ 2 );margin-right: calc(-4% \/ 2 );\"><div class=\"fusion-layout-column fusion_builder_column fusion-builder-column-0 fusion_builder_column_2_3 2_3 fusion-flex-column\" style=\"--awb-bg-size:cover;--awb-width-large:66.666666666667%;--awb-margin-top-large:0px;--awb-spacing-right-large:2.88%;--awb-margin-bottom-large:20px;--awb-spacing-left-large:2.88%;--awb-width-medium:66.666666666667%;--awb-order-medium:0;--awb-spacing-right-medium:2.88%;--awb-spacing-left-medium:2.88%;--awb-width-small:100%;--awb-order-small:0;--awb-spacing-right-small:1.92%;--awb-spacing-left-small:1.92%;\"><div class=\"fusion-column-wrapper fusion-column-has-shadow fusion-flex-justify-content-flex-start fusion-content-layout-column\"><div class=\"awb-gallery-wrapper awb-gallery-wrapper-1 button-span-no\"><div style=\"margin:-5px;--awb-bordersize:0px;\" class=\"fusion-gallery fusion-gallery-container fusion-grid-1 fusion-columns-total-5 fusion-gallery-layout-grid fusion-gallery-1\"><div style=\"padding:5px;\" class=\"fusion-grid-column fusion-gallery-column fusion-gallery-column-1 hover-type-none\"><div class=\"fusion-gallery-image\"><a href=\"https:\/\/galerieballesteros.fr\/wp-content\/uploads\/2022\/07\/Frederic-Samuel-CORDEY-1854-\u2013-1911.jpg\" rel=\"noreferrer\" data-rel=\"iLightbox[gallery_image_1]\" class=\"fusion-lightbox\" target=\"_self\"><img decoding=\"async\" src=\"https:\/\/galerieballesteros.fr\/wp-content\/uploads\/2022\/07\/Frederic-Samuel-CORDEY-1854-\u2013-1911.jpg\" data-orig-src=\"https:\/\/galerieballesteros.fr\/wp-content\/uploads\/2022\/07\/Frederic-Samuel-CORDEY-1854-\u2013-1911.jpg\" width=\"1575\" height=\"1200\" alt=\"Fr\u00e9d\u00e9ric Samuel CORDEY (1854 \u2013 1911)\" title=\"Fr\u00e9d\u00e9ric Samuel CORDEY (1854 \u2013 1911)\" aria-label=\"Fr\u00e9d\u00e9ric Samuel CORDEY (1854 \u2013 1911)\" class=\"lazyload img-responsive wp-image-5103\" srcset=\"data:image\/svg+xml,%3Csvg%20xmlns%3D%27http%3A%2F%2Fwww.w3.org%2F2000%2Fsvg%27%20width%3D%271575%27%20height%3D%271200%27%20viewBox%3D%270%200%201575%201200%27%3E%3Crect%20width%3D%271575%27%20height%3D%271200%27%20fill-opacity%3D%220%22%2F%3E%3C%2Fsvg%3E\" data-srcset=\"https:\/\/galerieballesteros.fr\/wp-content\/uploads\/2022\/07\/Frederic-Samuel-CORDEY-1854-\u2013-1911-200x152.jpg 200w, https:\/\/galerieballesteros.fr\/wp-content\/uploads\/2022\/07\/Frederic-Samuel-CORDEY-1854-\u2013-1911-400x305.jpg 400w, https:\/\/galerieballesteros.fr\/wp-content\/uploads\/2022\/07\/Frederic-Samuel-CORDEY-1854-\u2013-1911-600x457.jpg 600w, https:\/\/galerieballesteros.fr\/wp-content\/uploads\/2022\/07\/Frederic-Samuel-CORDEY-1854-\u2013-1911-800x610.jpg 800w, https:\/\/galerieballesteros.fr\/wp-content\/uploads\/2022\/07\/Frederic-Samuel-CORDEY-1854-\u2013-1911-1200x914.jpg 1200w, https:\/\/galerieballesteros.fr\/wp-content\/uploads\/2022\/07\/Frederic-Samuel-CORDEY-1854-\u2013-1911.jpg 1575w\" data-sizes=\"auto\" data-orig-sizes=\"(min-width: 2200px) 100vw, (min-width: 640px) 1920px, \" \/><\/a><\/div><\/div><div class=\"clearfix\"><\/div><div style=\"padding:5px;\" class=\"fusion-grid-column fusion-gallery-column fusion-gallery-column-1 hover-type-none\"><div class=\"fusion-gallery-image\"><a href=\"https:\/\/galerieballesteros.fr\/wp-content\/uploads\/2022\/07\/Frederic-Samuel-CORDEY-1854-\u2013-1911-1.jpg\" rel=\"noreferrer\" data-rel=\"iLightbox[gallery_image_1]\" class=\"fusion-lightbox\" target=\"_self\"><img decoding=\"async\" src=\"https:\/\/galerieballesteros.fr\/wp-content\/uploads\/2022\/07\/Frederic-Samuel-CORDEY-1854-\u2013-1911-1.jpg\" data-orig-src=\"https:\/\/galerieballesteros.fr\/wp-content\/uploads\/2022\/07\/Frederic-Samuel-CORDEY-1854-\u2013-1911-1.jpg\" width=\"1426\" height=\"1200\" alt=\"Fr\u00e9d\u00e9ric Samuel CORDEY (1854 \u2013 1911) 1\" title=\"Fr\u00e9d\u00e9ric Samuel CORDEY (1854 \u2013 1911) 1\" aria-label=\"Fr\u00e9d\u00e9ric Samuel CORDEY (1854 \u2013 1911) 1\" class=\"lazyload img-responsive wp-image-5105\" srcset=\"data:image\/svg+xml,%3Csvg%20xmlns%3D%27http%3A%2F%2Fwww.w3.org%2F2000%2Fsvg%27%20width%3D%271426%27%20height%3D%271200%27%20viewBox%3D%270%200%201426%201200%27%3E%3Crect%20width%3D%271426%27%20height%3D%271200%27%20fill-opacity%3D%220%22%2F%3E%3C%2Fsvg%3E\" data-srcset=\"https:\/\/galerieballesteros.fr\/wp-content\/uploads\/2022\/07\/Frederic-Samuel-CORDEY-1854-\u2013-1911-1-200x168.jpg 200w, https:\/\/galerieballesteros.fr\/wp-content\/uploads\/2022\/07\/Frederic-Samuel-CORDEY-1854-\u2013-1911-1-400x337.jpg 400w, https:\/\/galerieballesteros.fr\/wp-content\/uploads\/2022\/07\/Frederic-Samuel-CORDEY-1854-\u2013-1911-1-600x505.jpg 600w, https:\/\/galerieballesteros.fr\/wp-content\/uploads\/2022\/07\/Frederic-Samuel-CORDEY-1854-\u2013-1911-1-800x673.jpg 800w, https:\/\/galerieballesteros.fr\/wp-content\/uploads\/2022\/07\/Frederic-Samuel-CORDEY-1854-\u2013-1911-1-1200x1010.jpg 1200w, https:\/\/galerieballesteros.fr\/wp-content\/uploads\/2022\/07\/Frederic-Samuel-CORDEY-1854-\u2013-1911-1.jpg 1426w\" data-sizes=\"auto\" data-orig-sizes=\"(min-width: 2200px) 100vw, (min-width: 640px) 1920px, \" \/><\/a><\/div><\/div><div class=\"clearfix\"><\/div><div style=\"padding:5px;\" class=\"fusion-grid-column fusion-gallery-column fusion-gallery-column-1 hover-type-none\"><div class=\"fusion-gallery-image\"><a href=\"https:\/\/galerieballesteros.fr\/wp-content\/uploads\/2022\/07\/Frederic-Samuel-CORDEY-1854-\u2013-1911-2.jpg\" rel=\"noreferrer\" data-rel=\"iLightbox[gallery_image_1]\" class=\"fusion-lightbox\" target=\"_self\"><img decoding=\"async\" src=\"https:\/\/galerieballesteros.fr\/wp-content\/uploads\/2022\/07\/Frederic-Samuel-CORDEY-1854-\u2013-1911-2.jpg\" data-orig-src=\"https:\/\/galerieballesteros.fr\/wp-content\/uploads\/2022\/07\/Frederic-Samuel-CORDEY-1854-\u2013-1911-2.jpg\" width=\"1728\" height=\"1200\" alt=\"Fr\u00e9d\u00e9ric Samuel CORDEY (1854 \u2013 1911) 2\" title=\"Fr\u00e9d\u00e9ric Samuel CORDEY (1854 \u2013 1911) 2\" aria-label=\"Fr\u00e9d\u00e9ric Samuel CORDEY (1854 \u2013 1911) 2\" class=\"lazyload img-responsive wp-image-5107\" srcset=\"data:image\/svg+xml,%3Csvg%20xmlns%3D%27http%3A%2F%2Fwww.w3.org%2F2000%2Fsvg%27%20width%3D%271728%27%20height%3D%271200%27%20viewBox%3D%270%200%201728%201200%27%3E%3Crect%20width%3D%271728%27%20height%3D%271200%27%20fill-opacity%3D%220%22%2F%3E%3C%2Fsvg%3E\" data-srcset=\"https:\/\/galerieballesteros.fr\/wp-content\/uploads\/2022\/07\/Frederic-Samuel-CORDEY-1854-\u2013-1911-2-200x139.jpg 200w, https:\/\/galerieballesteros.fr\/wp-content\/uploads\/2022\/07\/Frederic-Samuel-CORDEY-1854-\u2013-1911-2-400x278.jpg 400w, https:\/\/galerieballesteros.fr\/wp-content\/uploads\/2022\/07\/Frederic-Samuel-CORDEY-1854-\u2013-1911-2-600x417.jpg 600w, https:\/\/galerieballesteros.fr\/wp-content\/uploads\/2022\/07\/Frederic-Samuel-CORDEY-1854-\u2013-1911-2-800x556.jpg 800w, https:\/\/galerieballesteros.fr\/wp-content\/uploads\/2022\/07\/Frederic-Samuel-CORDEY-1854-\u2013-1911-2-1200x833.jpg 1200w, https:\/\/galerieballesteros.fr\/wp-content\/uploads\/2022\/07\/Frederic-Samuel-CORDEY-1854-\u2013-1911-2.jpg 1728w\" data-sizes=\"auto\" data-orig-sizes=\"(min-width: 2200px) 100vw, (min-width: 640px) 1920px, \" \/><\/a><\/div><\/div><div class=\"clearfix\"><\/div><div style=\"padding:5px;\" class=\"fusion-grid-column fusion-gallery-column fusion-gallery-column-1 hover-type-none\"><div class=\"fusion-gallery-image\"><a href=\"https:\/\/galerieballesteros.fr\/wp-content\/uploads\/2022\/07\/Frederic-Samuel-CORDEY-1854-\u2013-1911-3.jpg\" rel=\"noreferrer\" data-rel=\"iLightbox[gallery_image_1]\" class=\"fusion-lightbox\" target=\"_self\"><img decoding=\"async\" src=\"https:\/\/galerieballesteros.fr\/wp-content\/uploads\/2022\/07\/Frederic-Samuel-CORDEY-1854-\u2013-1911-3.jpg\" data-orig-src=\"https:\/\/galerieballesteros.fr\/wp-content\/uploads\/2022\/07\/Frederic-Samuel-CORDEY-1854-\u2013-1911-3.jpg\" width=\"1515\" height=\"1200\" alt=\"Fr\u00e9d\u00e9ric Samuel CORDEY (1854 \u2013 1911) 3\" title=\"Fr\u00e9d\u00e9ric Samuel CORDEY (1854 \u2013 1911) 3\" aria-label=\"Fr\u00e9d\u00e9ric Samuel CORDEY (1854 \u2013 1911) 3\" class=\"lazyload img-responsive wp-image-5109\" srcset=\"data:image\/svg+xml,%3Csvg%20xmlns%3D%27http%3A%2F%2Fwww.w3.org%2F2000%2Fsvg%27%20width%3D%271515%27%20height%3D%271200%27%20viewBox%3D%270%200%201515%201200%27%3E%3Crect%20width%3D%271515%27%20height%3D%271200%27%20fill-opacity%3D%220%22%2F%3E%3C%2Fsvg%3E\" data-srcset=\"https:\/\/galerieballesteros.fr\/wp-content\/uploads\/2022\/07\/Frederic-Samuel-CORDEY-1854-\u2013-1911-3-200x158.jpg 200w, https:\/\/galerieballesteros.fr\/wp-content\/uploads\/2022\/07\/Frederic-Samuel-CORDEY-1854-\u2013-1911-3-400x317.jpg 400w, https:\/\/galerieballesteros.fr\/wp-content\/uploads\/2022\/07\/Frederic-Samuel-CORDEY-1854-\u2013-1911-3-600x475.jpg 600w, https:\/\/galerieballesteros.fr\/wp-content\/uploads\/2022\/07\/Frederic-Samuel-CORDEY-1854-\u2013-1911-3-800x634.jpg 800w, https:\/\/galerieballesteros.fr\/wp-content\/uploads\/2022\/07\/Frederic-Samuel-CORDEY-1854-\u2013-1911-3-1200x950.jpg 1200w, https:\/\/galerieballesteros.fr\/wp-content\/uploads\/2022\/07\/Frederic-Samuel-CORDEY-1854-\u2013-1911-3.jpg 1515w\" data-sizes=\"auto\" data-orig-sizes=\"(min-width: 2200px) 100vw, (min-width: 640px) 1920px, \" \/><\/a><\/div><\/div><div class=\"clearfix\"><\/div><div style=\"padding:5px;\" class=\"fusion-grid-column fusion-gallery-column fusion-gallery-column-1 hover-type-none\"><div class=\"fusion-gallery-image\"><a href=\"https:\/\/galerieballesteros.fr\/wp-content\/uploads\/2022\/07\/Frederic-Samuel-CORDEY-1854-\u2013-1911-4.jpg\" rel=\"noreferrer\" data-rel=\"iLightbox[gallery_image_1]\" class=\"fusion-lightbox\" target=\"_self\"><img decoding=\"async\" src=\"https:\/\/galerieballesteros.fr\/wp-content\/uploads\/2022\/07\/Frederic-Samuel-CORDEY-1854-\u2013-1911-4.jpg\" data-orig-src=\"https:\/\/galerieballesteros.fr\/wp-content\/uploads\/2022\/07\/Frederic-Samuel-CORDEY-1854-\u2013-1911-4.jpg\" width=\"1200\" height=\"1261\" alt=\"Fr\u00e9d\u00e9ric Samuel CORDEY (1854 \u2013 1911) 4\" title=\"Fr\u00e9d\u00e9ric Samuel CORDEY (1854 \u2013 1911) 4\" aria-label=\"Fr\u00e9d\u00e9ric Samuel CORDEY (1854 \u2013 1911) 4\" class=\"lazyload img-responsive wp-image-5111\" srcset=\"data:image\/svg+xml,%3Csvg%20xmlns%3D%27http%3A%2F%2Fwww.w3.org%2F2000%2Fsvg%27%20width%3D%271200%27%20height%3D%271261%27%20viewBox%3D%270%200%201200%201261%27%3E%3Crect%20width%3D%271200%27%20height%3D%271261%27%20fill-opacity%3D%220%22%2F%3E%3C%2Fsvg%3E\" data-srcset=\"https:\/\/galerieballesteros.fr\/wp-content\/uploads\/2022\/07\/Frederic-Samuel-CORDEY-1854-\u2013-1911-4-200x210.jpg 200w, https:\/\/galerieballesteros.fr\/wp-content\/uploads\/2022\/07\/Frederic-Samuel-CORDEY-1854-\u2013-1911-4-400x420.jpg 400w, https:\/\/galerieballesteros.fr\/wp-content\/uploads\/2022\/07\/Frederic-Samuel-CORDEY-1854-\u2013-1911-4-600x631.jpg 600w, https:\/\/galerieballesteros.fr\/wp-content\/uploads\/2022\/07\/Frederic-Samuel-CORDEY-1854-\u2013-1911-4-800x841.jpg 800w, https:\/\/galerieballesteros.fr\/wp-content\/uploads\/2022\/07\/Frederic-Samuel-CORDEY-1854-\u2013-1911-4.jpg 1200w\" data-sizes=\"auto\" data-orig-sizes=\"(min-width: 2200px) 100vw, (min-width: 640px) 1920px, \" \/><\/a><\/div><\/div><div class=\"clearfix\"><\/div><\/div><\/div><\/div><\/div><div class=\"fusion-layout-column fusion_builder_column fusion-builder-column-1 fusion_builder_column_1_3 1_3 fusion-flex-column\" style=\"--awb-bg-size:cover;--awb-width-large:33.333333333333%;--awb-margin-top-large:0px;--awb-spacing-right-large:5.76%;--awb-margin-bottom-large:20px;--awb-spacing-left-large:5.76%;--awb-width-medium:33.333333333333%;--awb-order-medium:0;--awb-spacing-right-medium:5.76%;--awb-spacing-left-medium:5.76%;--awb-width-small:100%;--awb-order-small:0;--awb-spacing-right-small:1.92%;--awb-spacing-left-small:1.92%;\"><div class=\"fusion-column-wrapper fusion-column-has-shadow fusion-flex-justify-content-flex-start fusion-content-layout-column\"><div class=\"fusion-text fusion-text-1\" style=\"--awb-text-transform:none;\"><h2><b>Frederic Samuel Cordey<\/b><\/h2>\n<h6>Still life with apples.<\/h6>\n<h6>Oil on canvas<span class=\"Apple-converted-space\"><br \/>\n<\/span>Sign top left<br \/>\nDimensions: 27 x 35,5 cm<br \/>\nWith frame: 40, 5 x 49 cm<\/h6>\n<h6>Sold<\/h6>\n<div class=\"fusion-separator fusion-full-width-sep\" style=\"align-self: center;margin-left: auto;margin-right: auto;margin-bottom:15px;width:100%;\"><div class=\"fusion-separator-border sep-double\" style=\"--awb-height:20px;--awb-amount:20px;border-color:#e2e2e2;border-top-width:0px;border-bottom-width:0px;\"><\/div><\/div>\n<p>With a fine, cross-hatched brushstroke, the strokes of which are juxtaposed to each other, Fr\u00e9d\u00e9ric Samuel Cordey signs a still life vibrant with color and light. The white tablecloth with blue reflections stands out on a black purple background and offers an ideal setting for the apples to rest. These are almond green and red-orange. To these plays of colors, is added a play on the shade and the light; the contrast which emerges from it is seizing.<br \/>\nThe workmanship is meticulous, as can be seen in the attention paid by the painter to the design of the damask of the tablecloth on which these slightly inclined apples rest.<span class=\"Apple-converted-space\"><br \/>\n<\/span>Fr\u00e9d\u00e9ric Samuel Cordey asserts himself as a supporter of color and drawing. The treatment of space is also meticulously ordered. The table, similar to a chess board, cuts the black background obliquely with a broken line. The alignment of the four apples carefully placed underlines this singular geometrical arrangement.<span class=\"Apple-converted-space\"><br \/>\n<\/span>A modernity and timelessness emerges from the canvas.<br \/>\nOne thinks of the apples of C\u00e9zanne, Courbet or Gauguin&#8230;<\/p>\n<p>Fr\u00e9d\u00e9ric Samuel Cordey evolves with the Impressionists, he presents four paintings with the group for the fourth Impressionist exhibition in 1877.<br \/>\nPupil of Isodor Pils and Gustave Boulanger at the Ecole des Beaux-Arts in Paris, he was part of the group (Monet, Renoir, Pissarro, Sisley) who rebelled against academic teaching to follow the path of Impressionism. .<br \/>\nThe artist took part in the Salon d&#8217;Automne in 1903. He rarely exhibits and art critics are rave about him. A retrospective exhibition took place at the Galerie Choiseul in Paris in 1913. His wealth allows him to work according to his own aspirations without depending on criticism and help from merchants.<br \/>\nAppreciated by Gustave Caillebotte and particularly linked to Auguste Renoir, he is featured in several paintings by the artist, including the &#8220;Ball of the Moulin de la Galette&#8221;. Attentive landscape painter, he likes to depict the surrounding nature; If the Auxerre countryside is one of the painter&#8217;s favorite places, he stays not far from Camille Pissarro in Neuville-sur-Oise as well as in Eragny-sur-Oise.<\/p>\n<p><b>Bibliography<\/b> :<\/p>\n<p>. Article by Adolphe Thalasso, &#8220;Exposition F.-S. Cordey&#8221;, in L&#8217;Art et les artistes, revue mensuelle d&#8217;art ancien et moderne, Oct. 1913-3 Feb. 1914, p. 237<\/p>\n<p>. Andr\u00e9 Roussard, Dictionary of painters in Montmartre in the 19th and 20th centuries<\/p>\n<p>. Cat. of exp. Christophe Duvivier, Les peintres et l&#8217;Oise, les peintres-graveurs de la Vall\u00e9e de l&#8217;Oise, [exhibition &#8221; Les peintres et l&#8217;Oise, les peintres-graveurs de la Vall\u00e9e de l&#8217;Oise &#8220;, Pontoise, Mus\u00e9e Tavet-Delacour, from Feb. 26 to Sept. 23, 2007], Pontoise \u00e9d. du mus\u00e9e, 2007<\/p>\n<p>. Sophie Monneret, L&#8217;Impressionnisme et son \u00e9poque, Paris, Robert Laffont, 1987<\/p>\n<p><b>Museums<\/b> :<\/p>\n<p>. Madame Cordey making tapestry, 1879, Paris, Mus\u00e9e d&#8217;Orsay.<\/p>\n<p>. Dish of peaches, 1906, Nevers, prefecture of Ni\u00e8vre.<\/p>\n<\/div><\/div><\/div><\/div><\/div><div class=\"fusion-fullwidth fullwidth-box fusion-builder-row-2 fusion-flex-container nonhundred-percent-fullwidth non-hundred-percent-height-scrolling\" style=\"--awb-border-radius-top-left:0px;--awb-border-radius-top-right:0px;--awb-border-radius-bottom-right:0px;--awb-border-radius-bottom-left:0px;--awb-flex-wrap:wrap;\" ><div class=\"fusion-builder-row fusion-row fusion-flex-align-items-flex-start fusion-flex-content-wrap\" style=\"max-width:1996.8px;margin-left: calc(-4% \/ 2 );margin-right: calc(-4% \/ 2 );\"><div class=\"fusion-layout-column fusion_builder_column fusion-builder-column-2 fusion_builder_column_1_1 1_1 fusion-flex-column\" style=\"--awb-bg-size:cover;--awb-width-large:100%;--awb-margin-top-large:0px;--awb-spacing-right-large:1.92%;--awb-margin-bottom-large:20px;--awb-spacing-left-large:1.92%;--awb-width-medium:100%;--awb-order-medium:0;--awb-spacing-right-medium:1.92%;--awb-spacing-left-medium:1.92%;--awb-width-small:100%;--awb-order-small:0;--awb-spacing-right-small:1.92%;--awb-spacing-left-small:1.92%;\"><div class=\"fusion-column-wrapper fusion-column-has-shadow fusion-flex-justify-content-flex-start fusion-content-layout-column\"><\/div><\/div><\/div><\/div><div class=\"fusion-fullwidth fullwidth-box fusion-builder-row-3 fusion-flex-container nonhundred-percent-fullwidth non-hundred-percent-height-scrolling\" style=\"--awb-border-radius-top-left:0px;--awb-border-radius-top-right:0px;--awb-border-radius-bottom-right:0px;--awb-border-radius-bottom-left:0px;--awb-flex-wrap:wrap;\" ><div class=\"fusion-builder-row fusion-row fusion-flex-align-items-flex-start fusion-flex-content-wrap\" style=\"max-width:1996.8px;margin-left: calc(-4% \/ 2 );margin-right: calc(-4% \/ 2 );\"><div class=\"fusion-layout-column fusion_builder_column fusion-builder-column-3 fusion_builder_column_1_1 1_1 fusion-flex-column\" style=\"--awb-bg-blend:overlay;--awb-bg-size:cover;--awb-width-large:100%;--awb-margin-top-large:0px;--awb-spacing-right-large:1.92%;--awb-margin-bottom-large:0px;--awb-spacing-left-large:1.92%;--awb-width-medium:100%;--awb-spacing-right-medium:1.92%;--awb-spacing-left-medium:1.92%;--awb-width-small:100%;--awb-spacing-right-small:1.92%;--awb-spacing-left-small:1.92%;\"><div class=\"fusion-column-wrapper fusion-flex-justify-content-flex-start fusion-content-layout-column\"><div class=\"fusion-text fusion-text-2\"><\/div><\/div><\/div><\/div><\/div><\/p>\n","protected":false},"excerpt":{"rendered":"","protected":false},"author":2,"featured_media":5104,"menu_order":0,"comment_status":"open","ping_status":"closed","template":"","format":"standard","meta":{"_monsterinsights_skip_tracking":false,"_monsterinsights_sitenote_active":false,"_monsterinsights_sitenote_note":"","_monsterinsights_sitenote_category":0,"footnotes":""},"portfolio_category":[77],"portfolio_skills":[],"portfolio_tags":[],"class_list":["post-5114","avada_portfolio","type-avada_portfolio","status-publish","format-standard","has-post-thumbnail","hentry","portfolio_category-archives-en"],"yoast_head":"<!-- This site is optimized with the Yoast SEO plugin v27.5 - https:\/\/yoast.com\/product\/yoast-seo-wordpress\/ -->\n<title>Fr\u00e9d\u00e9ric Samuel CORDEY (1854 \u2013 1911) - Galerie Ballesteros<\/title>\n<meta name=\"robots\" content=\"index, follow, max-snippet:-1, max-image-preview:large, max-video-preview:-1\" \/>\n<link rel=\"canonical\" href=\"https:\/\/galerieballesteros.fr\/en\/portfolio-items\/frederic-samuel-cordey-1854-1911-2\/\" \/>\n<meta property=\"og:locale\" content=\"en_US\" \/>\n<meta property=\"og:type\" content=\"article\" \/>\n<meta property=\"og:title\" content=\"Fr\u00e9d\u00e9ric Samuel CORDEY (1854 \u2013 1911) - Galerie Ballesteros\" \/>\n<meta property=\"og:url\" content=\"https:\/\/galerieballesteros.fr\/en\/portfolio-items\/frederic-samuel-cordey-1854-1911-2\/\" \/>\n<meta property=\"og:site_name\" content=\"Galerie Ballesteros\" \/>\n<meta property=\"article:publisher\" content=\"https:\/\/www.facebook.com\/galerieballesterosparis\/\" \/>\n<meta property=\"article:modified_time\" content=\"2022-12-12T14:24:23+00:00\" \/>\n<meta property=\"og:image\" content=\"https:\/\/galerieballesteros.fr\/wp-content\/uploads\/2022\/07\/Frederic-Samuel-CORDEY-1854-\u2013-1911.jpg\" \/>\n\t<meta property=\"og:image:width\" content=\"1575\" \/>\n\t<meta property=\"og:image:height\" content=\"1200\" \/>\n\t<meta property=\"og:image:type\" content=\"image\/jpeg\" \/>\n<meta name=\"twitter:card\" content=\"summary_large_image\" \/>\n<meta name=\"twitter:label1\" content=\"Est. reading time\" \/>\n\t<meta name=\"twitter:data1\" content=\"8 minutes\" \/>\n<script type=\"application\/ld+json\" class=\"yoast-schema-graph\">{\"@context\":\"https:\\\/\\\/schema.org\",\"@graph\":[{\"@type\":\"WebPage\",\"@id\":\"https:\\\/\\\/galerieballesteros.fr\\\/en\\\/portfolio-items\\\/frederic-samuel-cordey-1854-1911-2\\\/\",\"url\":\"https:\\\/\\\/galerieballesteros.fr\\\/en\\\/portfolio-items\\\/frederic-samuel-cordey-1854-1911-2\\\/\",\"name\":\"Fr\u00e9d\u00e9ric Samuel CORDEY (1854 \u2013 1911) - Galerie Ballesteros\",\"isPartOf\":{\"@id\":\"https:\\\/\\\/galerieballesteros.fr\\\/#website\"},\"primaryImageOfPage\":{\"@id\":\"https:\\\/\\\/galerieballesteros.fr\\\/en\\\/portfolio-items\\\/frederic-samuel-cordey-1854-1911-2\\\/#primaryimage\"},\"image\":{\"@id\":\"https:\\\/\\\/galerieballesteros.fr\\\/en\\\/portfolio-items\\\/frederic-samuel-cordey-1854-1911-2\\\/#primaryimage\"},\"thumbnailUrl\":\"https:\\\/\\\/galerieballesteros.fr\\\/wp-content\\\/uploads\\\/2022\\\/07\\\/Frederic-Samuel-CORDEY-1854-\u2013-1911.jpg\",\"datePublished\":\"2022-07-31T14:42:36+00:00\",\"dateModified\":\"2022-12-12T14:24:23+00:00\",\"breadcrumb\":{\"@id\":\"https:\\\/\\\/galerieballesteros.fr\\\/en\\\/portfolio-items\\\/frederic-samuel-cordey-1854-1911-2\\\/#breadcrumb\"},\"inLanguage\":\"en-US\",\"potentialAction\":[{\"@type\":\"ReadAction\",\"target\":[\"https:\\\/\\\/galerieballesteros.fr\\\/en\\\/portfolio-items\\\/frederic-samuel-cordey-1854-1911-2\\\/\"]}]},{\"@type\":\"ImageObject\",\"inLanguage\":\"en-US\",\"@id\":\"https:\\\/\\\/galerieballesteros.fr\\\/en\\\/portfolio-items\\\/frederic-samuel-cordey-1854-1911-2\\\/#primaryimage\",\"url\":\"https:\\\/\\\/galerieballesteros.fr\\\/wp-content\\\/uploads\\\/2022\\\/07\\\/Frederic-Samuel-CORDEY-1854-\u2013-1911.jpg\",\"contentUrl\":\"https:\\\/\\\/galerieballesteros.fr\\\/wp-content\\\/uploads\\\/2022\\\/07\\\/Frederic-Samuel-CORDEY-1854-\u2013-1911.jpg\",\"width\":1575,\"height\":1200,\"caption\":\"Fr\u00e9d\u00e9ric Samuel CORDEY (1854 \u2013 1911)\"},{\"@type\":\"BreadcrumbList\",\"@id\":\"https:\\\/\\\/galerieballesteros.fr\\\/en\\\/portfolio-items\\\/frederic-samuel-cordey-1854-1911-2\\\/#breadcrumb\",\"itemListElement\":[{\"@type\":\"ListItem\",\"position\":1,\"name\":\"Accueil\",\"item\":\"https:\\\/\\\/galerieballesteros.fr\\\/en\\\/homepage\\\/\"},{\"@type\":\"ListItem\",\"position\":2,\"name\":\"Portfolio\",\"item\":\"https:\\\/\\\/galerieballesteros.fr\\\/portfolio-items\\\/\"},{\"@type\":\"ListItem\",\"position\":3,\"name\":\"Fr\u00e9d\u00e9ric Samuel CORDEY (1854 \u2013 1911)\"}]},{\"@type\":\"WebSite\",\"@id\":\"https:\\\/\\\/galerieballesteros.fr\\\/#website\",\"url\":\"https:\\\/\\\/galerieballesteros.fr\\\/\",\"name\":\"Galerie Ballesteros\",\"description\":\"L&#039;Art que vous aimez\",\"publisher\":{\"@id\":\"https:\\\/\\\/galerieballesteros.fr\\\/#organization\"},\"potentialAction\":[{\"@type\":\"SearchAction\",\"target\":{\"@type\":\"EntryPoint\",\"urlTemplate\":\"https:\\\/\\\/galerieballesteros.fr\\\/?s={search_term_string}\"},\"query-input\":{\"@type\":\"PropertyValueSpecification\",\"valueRequired\":true,\"valueName\":\"search_term_string\"}}],\"inLanguage\":\"en-US\"},{\"@type\":\"Organization\",\"@id\":\"https:\\\/\\\/galerieballesteros.fr\\\/#organization\",\"name\":\"Galerie Ballesteros\",\"url\":\"https:\\\/\\\/galerieballesteros.fr\\\/\",\"logo\":{\"@type\":\"ImageObject\",\"inLanguage\":\"en-US\",\"@id\":\"https:\\\/\\\/galerieballesteros.fr\\\/#\\\/schema\\\/logo\\\/image\\\/\",\"url\":\"https:\\\/\\\/galerieballesteros.fr\\\/wp-content\\\/uploads\\\/2022\\\/03\\\/Logo-Sigle-Insta.png\",\"contentUrl\":\"https:\\\/\\\/galerieballesteros.fr\\\/wp-content\\\/uploads\\\/2022\\\/03\\\/Logo-Sigle-Insta.png\",\"width\":612,\"height\":619,\"caption\":\"Galerie Ballesteros\"},\"image\":{\"@id\":\"https:\\\/\\\/galerieballesteros.fr\\\/#\\\/schema\\\/logo\\\/image\\\/\"},\"sameAs\":[\"https:\\\/\\\/www.facebook.com\\\/galerieballesterosparis\\\/\",\"https:\\\/\\\/www.instagram.com\\\/galerieballesteros\\\/\"]}]}<\/script>\n<!-- \/ Yoast SEO plugin. -->","yoast_head_json":{"title":"Fr\u00e9d\u00e9ric Samuel CORDEY (1854 \u2013 1911) - Galerie Ballesteros","robots":{"index":"index","follow":"follow","max-snippet":"max-snippet:-1","max-image-preview":"max-image-preview:large","max-video-preview":"max-video-preview:-1"},"canonical":"https:\/\/galerieballesteros.fr\/en\/portfolio-items\/frederic-samuel-cordey-1854-1911-2\/","og_locale":"en_US","og_type":"article","og_title":"Fr\u00e9d\u00e9ric Samuel CORDEY (1854 \u2013 1911) - Galerie Ballesteros","og_url":"https:\/\/galerieballesteros.fr\/en\/portfolio-items\/frederic-samuel-cordey-1854-1911-2\/","og_site_name":"Galerie Ballesteros","article_publisher":"https:\/\/www.facebook.com\/galerieballesterosparis\/","article_modified_time":"2022-12-12T14:24:23+00:00","og_image":[{"width":1575,"height":1200,"url":"https:\/\/galerieballesteros.fr\/wp-content\/uploads\/2022\/07\/Frederic-Samuel-CORDEY-1854-\u2013-1911.jpg","type":"image\/jpeg"}],"twitter_card":"summary_large_image","twitter_misc":{"Est. reading time":"8 minutes"},"schema":{"@context":"https:\/\/schema.org","@graph":[{"@type":"WebPage","@id":"https:\/\/galerieballesteros.fr\/en\/portfolio-items\/frederic-samuel-cordey-1854-1911-2\/","url":"https:\/\/galerieballesteros.fr\/en\/portfolio-items\/frederic-samuel-cordey-1854-1911-2\/","name":"Fr\u00e9d\u00e9ric Samuel CORDEY (1854 \u2013 1911) - Galerie Ballesteros","isPartOf":{"@id":"https:\/\/galerieballesteros.fr\/#website"},"primaryImageOfPage":{"@id":"https:\/\/galerieballesteros.fr\/en\/portfolio-items\/frederic-samuel-cordey-1854-1911-2\/#primaryimage"},"image":{"@id":"https:\/\/galerieballesteros.fr\/en\/portfolio-items\/frederic-samuel-cordey-1854-1911-2\/#primaryimage"},"thumbnailUrl":"https:\/\/galerieballesteros.fr\/wp-content\/uploads\/2022\/07\/Frederic-Samuel-CORDEY-1854-\u2013-1911.jpg","datePublished":"2022-07-31T14:42:36+00:00","dateModified":"2022-12-12T14:24:23+00:00","breadcrumb":{"@id":"https:\/\/galerieballesteros.fr\/en\/portfolio-items\/frederic-samuel-cordey-1854-1911-2\/#breadcrumb"},"inLanguage":"en-US","potentialAction":[{"@type":"ReadAction","target":["https:\/\/galerieballesteros.fr\/en\/portfolio-items\/frederic-samuel-cordey-1854-1911-2\/"]}]},{"@type":"ImageObject","inLanguage":"en-US","@id":"https:\/\/galerieballesteros.fr\/en\/portfolio-items\/frederic-samuel-cordey-1854-1911-2\/#primaryimage","url":"https:\/\/galerieballesteros.fr\/wp-content\/uploads\/2022\/07\/Frederic-Samuel-CORDEY-1854-\u2013-1911.jpg","contentUrl":"https:\/\/galerieballesteros.fr\/wp-content\/uploads\/2022\/07\/Frederic-Samuel-CORDEY-1854-\u2013-1911.jpg","width":1575,"height":1200,"caption":"Fr\u00e9d\u00e9ric Samuel CORDEY (1854 \u2013 1911)"},{"@type":"BreadcrumbList","@id":"https:\/\/galerieballesteros.fr\/en\/portfolio-items\/frederic-samuel-cordey-1854-1911-2\/#breadcrumb","itemListElement":[{"@type":"ListItem","position":1,"name":"Accueil","item":"https:\/\/galerieballesteros.fr\/en\/homepage\/"},{"@type":"ListItem","position":2,"name":"Portfolio","item":"https:\/\/galerieballesteros.fr\/portfolio-items\/"},{"@type":"ListItem","position":3,"name":"Fr\u00e9d\u00e9ric Samuel CORDEY (1854 \u2013 1911)"}]},{"@type":"WebSite","@id":"https:\/\/galerieballesteros.fr\/#website","url":"https:\/\/galerieballesteros.fr\/","name":"Galerie Ballesteros","description":"L&#039;Art que vous aimez","publisher":{"@id":"https:\/\/galerieballesteros.fr\/#organization"},"potentialAction":[{"@type":"SearchAction","target":{"@type":"EntryPoint","urlTemplate":"https:\/\/galerieballesteros.fr\/?s={search_term_string}"},"query-input":{"@type":"PropertyValueSpecification","valueRequired":true,"valueName":"search_term_string"}}],"inLanguage":"en-US"},{"@type":"Organization","@id":"https:\/\/galerieballesteros.fr\/#organization","name":"Galerie Ballesteros","url":"https:\/\/galerieballesteros.fr\/","logo":{"@type":"ImageObject","inLanguage":"en-US","@id":"https:\/\/galerieballesteros.fr\/#\/schema\/logo\/image\/","url":"https:\/\/galerieballesteros.fr\/wp-content\/uploads\/2022\/03\/Logo-Sigle-Insta.png","contentUrl":"https:\/\/galerieballesteros.fr\/wp-content\/uploads\/2022\/03\/Logo-Sigle-Insta.png","width":612,"height":619,"caption":"Galerie Ballesteros"},"image":{"@id":"https:\/\/galerieballesteros.fr\/#\/schema\/logo\/image\/"},"sameAs":["https:\/\/www.facebook.com\/galerieballesterosparis\/","https:\/\/www.instagram.com\/galerieballesteros\/"]}]}},"_links":{"self":[{"href":"https:\/\/galerieballesteros.fr\/en\/wp-json\/wp\/v2\/avada_portfolio\/5114","targetHints":{"allow":["GET"]}}],"collection":[{"href":"https:\/\/galerieballesteros.fr\/en\/wp-json\/wp\/v2\/avada_portfolio"}],"about":[{"href":"https:\/\/galerieballesteros.fr\/en\/wp-json\/wp\/v2\/types\/avada_portfolio"}],"author":[{"embeddable":true,"href":"https:\/\/galerieballesteros.fr\/en\/wp-json\/wp\/v2\/users\/2"}],"replies":[{"embeddable":true,"href":"https:\/\/galerieballesteros.fr\/en\/wp-json\/wp\/v2\/comments?post=5114"}],"version-history":[{"count":12,"href":"https:\/\/galerieballesteros.fr\/en\/wp-json\/wp\/v2\/avada_portfolio\/5114\/revisions"}],"predecessor-version":[{"id":5569,"href":"https:\/\/galerieballesteros.fr\/en\/wp-json\/wp\/v2\/avada_portfolio\/5114\/revisions\/5569"}],"wp:featuredmedia":[{"embeddable":true,"href":"https:\/\/galerieballesteros.fr\/en\/wp-json\/wp\/v2\/media\/5104"}],"wp:attachment":[{"href":"https:\/\/galerieballesteros.fr\/en\/wp-json\/wp\/v2\/media?parent=5114"}],"wp:term":[{"taxonomy":"portfolio_category","embeddable":true,"href":"https:\/\/galerieballesteros.fr\/en\/wp-json\/wp\/v2\/portfolio_category?post=5114"},{"taxonomy":"portfolio_skills","embeddable":true,"href":"https:\/\/galerieballesteros.fr\/en\/wp-json\/wp\/v2\/portfolio_skills?post=5114"},{"taxonomy":"portfolio_tags","embeddable":true,"href":"https:\/\/galerieballesteros.fr\/en\/wp-json\/wp\/v2\/portfolio_tags?post=5114"}],"curies":[{"name":"wp","href":"https:\/\/api.w.org\/{rel}","templated":true}]}}