{"id":3723,"date":"2022-01-24T14:28:27","date_gmt":"2022-01-24T14:28:27","guid":{"rendered":"https:\/\/galerieballesteros.fr\/portfolio-items\/gustave-colin-1828-1910\/"},"modified":"2024-11-30T14:48:52","modified_gmt":"2024-11-30T14:48:52","slug":"gustave-colin-1828-1910","status":"publish","type":"avada_portfolio","link":"https:\/\/galerieballesteros.fr\/en\/portfolio-items\/gustave-colin-1828-1910\/","title":{"rendered":"Gustave COLIN (1828 \u2013 1910)"},"content":{"rendered":"<p><div class=\"fusion-fullwidth fullwidth-box fusion-builder-row-1 fusion-flex-container nonhundred-percent-fullwidth non-hundred-percent-height-scrolling\" style=\"--awb-border-radius-top-left:0px;--awb-border-radius-top-right:0px;--awb-border-radius-bottom-right:0px;--awb-border-radius-bottom-left:0px;--awb-padding-top:0px;--awb-margin-top:30px;--awb-flex-wrap:wrap;\" ><div class=\"fusion-builder-row fusion-row fusion-flex-align-items-flex-start fusion-flex-content-wrap\" style=\"max-width:1996.8px;margin-left: calc(-4% \/ 2 );margin-right: calc(-4% \/ 2 );\"><div class=\"fusion-layout-column fusion_builder_column fusion-builder-column-0 fusion_builder_column_2_3 2_3 fusion-flex-column\" style=\"--awb-bg-size:cover;--awb-width-large:66.666666666667%;--awb-margin-top-large:0px;--awb-spacing-right-large:2.88%;--awb-margin-bottom-large:20px;--awb-spacing-left-large:2.88%;--awb-width-medium:66.666666666667%;--awb-order-medium:0;--awb-spacing-right-medium:2.88%;--awb-spacing-left-medium:2.88%;--awb-width-small:100%;--awb-order-small:0;--awb-spacing-right-small:1.92%;--awb-spacing-left-small:1.92%;\"><div class=\"fusion-column-wrapper fusion-column-has-shadow fusion-flex-justify-content-flex-start fusion-content-layout-column\"><div class=\"awb-gallery-wrapper awb-gallery-wrapper-1 button-span-no\"><div style=\"margin:-5px;--awb-bordersize:0px;\" class=\"fusion-gallery fusion-gallery-container fusion-grid-1 fusion-columns-total-5 fusion-gallery-layout-grid fusion-gallery-1\"><div style=\"padding:5px;\" class=\"fusion-grid-column fusion-gallery-column fusion-gallery-column-1 hover-type-none\"><div class=\"fusion-gallery-image\"><a href=\"https:\/\/galerieballesteros.fr\/wp-content\/uploads\/2022\/01\/Gustave-Colin-1828-\u2013-1910-1.jpeg\" rel=\"noreferrer\" data-rel=\"iLightbox[gallery_image_1]\" class=\"fusion-lightbox\" target=\"_self\"><img decoding=\"async\" src=\"https:\/\/galerieballesteros.fr\/wp-content\/uploads\/2022\/01\/Gustave-Colin-1828-\u2013-1910-1.jpeg\" data-orig-src=\"https:\/\/galerieballesteros.fr\/wp-content\/uploads\/2022\/01\/Gustave-Colin-1828-\u2013-1910-1.jpeg\" width=\"1400\" height=\"1716\" alt=\"\" title=\"Gustave Colin (1828 \u2013 1910) 1\" aria-label=\"Gustave Colin (1828 \u2013 1910) 1\" class=\"lazyload img-responsive wp-image-896\" srcset=\"data:image\/svg+xml,%3Csvg%20xmlns%3D%27http%3A%2F%2Fwww.w3.org%2F2000%2Fsvg%27%20width%3D%271400%27%20height%3D%271716%27%20viewBox%3D%270%200%201400%201716%27%3E%3Crect%20width%3D%271400%27%20height%3D%271716%27%20fill-opacity%3D%220%22%2F%3E%3C%2Fsvg%3E\" data-srcset=\"https:\/\/galerieballesteros.fr\/wp-content\/uploads\/2022\/01\/Gustave-Colin-1828-\u2013-1910-1-200x245.jpeg 200w, https:\/\/galerieballesteros.fr\/wp-content\/uploads\/2022\/01\/Gustave-Colin-1828-\u2013-1910-1-400x490.jpeg 400w, https:\/\/galerieballesteros.fr\/wp-content\/uploads\/2022\/01\/Gustave-Colin-1828-\u2013-1910-1-600x735.jpeg 600w, https:\/\/galerieballesteros.fr\/wp-content\/uploads\/2022\/01\/Gustave-Colin-1828-\u2013-1910-1-800x981.jpeg 800w, https:\/\/galerieballesteros.fr\/wp-content\/uploads\/2022\/01\/Gustave-Colin-1828-\u2013-1910-1-1200x1471.jpeg 1200w, https:\/\/galerieballesteros.fr\/wp-content\/uploads\/2022\/01\/Gustave-Colin-1828-\u2013-1910-1.jpeg 1400w\" data-sizes=\"auto\" data-orig-sizes=\"(min-width: 2200px) 100vw, (min-width: 640px) 1920px, \" \/><\/a><\/div><\/div><div class=\"clearfix\"><\/div><div style=\"padding:5px;\" class=\"fusion-grid-column fusion-gallery-column fusion-gallery-column-1 hover-type-none\"><div class=\"fusion-gallery-image\"><a href=\"https:\/\/galerieballesteros.fr\/wp-content\/uploads\/2022\/01\/Gustave-Colin-1828-\u2013-1910-3.jpeg\" rel=\"noreferrer\" data-rel=\"iLightbox[gallery_image_1]\" class=\"fusion-lightbox\" target=\"_self\"><img decoding=\"async\" src=\"https:\/\/galerieballesteros.fr\/wp-content\/uploads\/2022\/01\/Gustave-Colin-1828-\u2013-1910-3.jpeg\" data-orig-src=\"https:\/\/galerieballesteros.fr\/wp-content\/uploads\/2022\/01\/Gustave-Colin-1828-\u2013-1910-3.jpeg\" width=\"1400\" height=\"1039\" alt=\"\" title=\"Gustave Colin (1828 \u2013 1910) 3\" aria-label=\"Gustave Colin (1828 \u2013 1910) 3\" class=\"lazyload img-responsive wp-image-900\" srcset=\"data:image\/svg+xml,%3Csvg%20xmlns%3D%27http%3A%2F%2Fwww.w3.org%2F2000%2Fsvg%27%20width%3D%271400%27%20height%3D%271039%27%20viewBox%3D%270%200%201400%201039%27%3E%3Crect%20width%3D%271400%27%20height%3D%271039%27%20fill-opacity%3D%220%22%2F%3E%3C%2Fsvg%3E\" data-srcset=\"https:\/\/galerieballesteros.fr\/wp-content\/uploads\/2022\/01\/Gustave-Colin-1828-\u2013-1910-3-200x148.jpeg 200w, https:\/\/galerieballesteros.fr\/wp-content\/uploads\/2022\/01\/Gustave-Colin-1828-\u2013-1910-3-400x297.jpeg 400w, https:\/\/galerieballesteros.fr\/wp-content\/uploads\/2022\/01\/Gustave-Colin-1828-\u2013-1910-3-600x445.jpeg 600w, https:\/\/galerieballesteros.fr\/wp-content\/uploads\/2022\/01\/Gustave-Colin-1828-\u2013-1910-3-800x594.jpeg 800w, https:\/\/galerieballesteros.fr\/wp-content\/uploads\/2022\/01\/Gustave-Colin-1828-\u2013-1910-3-1200x891.jpeg 1200w, https:\/\/galerieballesteros.fr\/wp-content\/uploads\/2022\/01\/Gustave-Colin-1828-\u2013-1910-3.jpeg 1400w\" data-sizes=\"auto\" data-orig-sizes=\"(min-width: 2200px) 100vw, (min-width: 640px) 1920px, \" \/><\/a><\/div><\/div><div class=\"clearfix\"><\/div><div style=\"padding:5px;\" class=\"fusion-grid-column fusion-gallery-column fusion-gallery-column-1 hover-type-none\"><div class=\"fusion-gallery-image\"><a href=\"https:\/\/galerieballesteros.fr\/wp-content\/uploads\/2022\/01\/Gustave-Colin-1828-\u2013-1910-4.jpeg\" rel=\"noreferrer\" data-rel=\"iLightbox[gallery_image_1]\" class=\"fusion-lightbox\" target=\"_self\"><img decoding=\"async\" src=\"https:\/\/galerieballesteros.fr\/wp-content\/uploads\/2022\/01\/Gustave-Colin-1828-\u2013-1910-4.jpeg\" data-orig-src=\"https:\/\/galerieballesteros.fr\/wp-content\/uploads\/2022\/01\/Gustave-Colin-1828-\u2013-1910-4.jpeg\" width=\"1400\" height=\"2100\" alt=\"\" title=\"Gustave Colin (1828 \u2013 1910) 4\" aria-label=\"Gustave Colin (1828 \u2013 1910) 4\" class=\"lazyload img-responsive wp-image-897\" srcset=\"data:image\/svg+xml,%3Csvg%20xmlns%3D%27http%3A%2F%2Fwww.w3.org%2F2000%2Fsvg%27%20width%3D%271400%27%20height%3D%272100%27%20viewBox%3D%270%200%201400%202100%27%3E%3Crect%20width%3D%271400%27%20height%3D%272100%27%20fill-opacity%3D%220%22%2F%3E%3C%2Fsvg%3E\" data-srcset=\"https:\/\/galerieballesteros.fr\/wp-content\/uploads\/2022\/01\/Gustave-Colin-1828-\u2013-1910-4-200x300.jpeg 200w, https:\/\/galerieballesteros.fr\/wp-content\/uploads\/2022\/01\/Gustave-Colin-1828-\u2013-1910-4-400x600.jpeg 400w, https:\/\/galerieballesteros.fr\/wp-content\/uploads\/2022\/01\/Gustave-Colin-1828-\u2013-1910-4-600x900.jpeg 600w, https:\/\/galerieballesteros.fr\/wp-content\/uploads\/2022\/01\/Gustave-Colin-1828-\u2013-1910-4-800x1200.jpeg 800w, https:\/\/galerieballesteros.fr\/wp-content\/uploads\/2022\/01\/Gustave-Colin-1828-\u2013-1910-4-1200x1800.jpeg 1200w, https:\/\/galerieballesteros.fr\/wp-content\/uploads\/2022\/01\/Gustave-Colin-1828-\u2013-1910-4.jpeg 1400w\" data-sizes=\"auto\" data-orig-sizes=\"(min-width: 2200px) 100vw, (min-width: 640px) 1920px, \" \/><\/a><\/div><\/div><div class=\"clearfix\"><\/div><div style=\"padding:5px;\" class=\"fusion-grid-column fusion-gallery-column fusion-gallery-column-1 hover-type-none\"><div class=\"fusion-gallery-image\"><a href=\"https:\/\/galerieballesteros.fr\/wp-content\/uploads\/2022\/01\/Gustave-Colin-1828-\u2013-1910-2.jpeg\" rel=\"noreferrer\" data-rel=\"iLightbox[gallery_image_1]\" class=\"fusion-lightbox\" target=\"_self\"><img decoding=\"async\" src=\"https:\/\/galerieballesteros.fr\/wp-content\/uploads\/2022\/01\/Gustave-Colin-1828-\u2013-1910-2.jpeg\" data-orig-src=\"https:\/\/galerieballesteros.fr\/wp-content\/uploads\/2022\/01\/Gustave-Colin-1828-\u2013-1910-2.jpeg\" width=\"1379\" height=\"1581\" alt=\"\" title=\"Gustave Colin (1828 \u2013 1910) 2\" aria-label=\"Gustave Colin (1828 \u2013 1910) 2\" class=\"lazyload img-responsive wp-image-898\" srcset=\"data:image\/svg+xml,%3Csvg%20xmlns%3D%27http%3A%2F%2Fwww.w3.org%2F2000%2Fsvg%27%20width%3D%271379%27%20height%3D%271581%27%20viewBox%3D%270%200%201379%201581%27%3E%3Crect%20width%3D%271379%27%20height%3D%271581%27%20fill-opacity%3D%220%22%2F%3E%3C%2Fsvg%3E\" data-srcset=\"https:\/\/galerieballesteros.fr\/wp-content\/uploads\/2022\/01\/Gustave-Colin-1828-\u2013-1910-2-200x229.jpeg 200w, https:\/\/galerieballesteros.fr\/wp-content\/uploads\/2022\/01\/Gustave-Colin-1828-\u2013-1910-2-400x459.jpeg 400w, https:\/\/galerieballesteros.fr\/wp-content\/uploads\/2022\/01\/Gustave-Colin-1828-\u2013-1910-2-600x688.jpeg 600w, https:\/\/galerieballesteros.fr\/wp-content\/uploads\/2022\/01\/Gustave-Colin-1828-\u2013-1910-2-800x917.jpeg 800w, https:\/\/galerieballesteros.fr\/wp-content\/uploads\/2022\/01\/Gustave-Colin-1828-\u2013-1910-2-1200x1376.jpeg 1200w, https:\/\/galerieballesteros.fr\/wp-content\/uploads\/2022\/01\/Gustave-Colin-1828-\u2013-1910-2.jpeg 1379w\" data-sizes=\"auto\" data-orig-sizes=\"(min-width: 2200px) 100vw, (min-width: 640px) 1920px, \" \/><\/a><\/div><\/div><div class=\"clearfix\"><\/div><div style=\"padding:5px;\" class=\"fusion-grid-column fusion-gallery-column fusion-gallery-column-1 hover-type-none\"><div class=\"fusion-gallery-image\"><a href=\"https:\/\/galerieballesteros.fr\/wp-content\/uploads\/2022\/01\/Gustave-Colin-1828-\u2013-1910-5.jpeg\" rel=\"noreferrer\" data-rel=\"iLightbox[gallery_image_1]\" class=\"fusion-lightbox\" target=\"_self\"><img decoding=\"async\" src=\"https:\/\/galerieballesteros.fr\/wp-content\/uploads\/2022\/01\/Gustave-Colin-1828-\u2013-1910-5.jpeg\" data-orig-src=\"https:\/\/galerieballesteros.fr\/wp-content\/uploads\/2022\/01\/Gustave-Colin-1828-\u2013-1910-5.jpeg\" width=\"1280\" height=\"1449\" alt=\"\" title=\"Gustave Colin (1828 \u2013 1910) 5\" aria-label=\"Gustave Colin (1828 \u2013 1910) 5\" class=\"lazyload img-responsive wp-image-899\" srcset=\"data:image\/svg+xml,%3Csvg%20xmlns%3D%27http%3A%2F%2Fwww.w3.org%2F2000%2Fsvg%27%20width%3D%271280%27%20height%3D%271449%27%20viewBox%3D%270%200%201280%201449%27%3E%3Crect%20width%3D%271280%27%20height%3D%271449%27%20fill-opacity%3D%220%22%2F%3E%3C%2Fsvg%3E\" data-srcset=\"https:\/\/galerieballesteros.fr\/wp-content\/uploads\/2022\/01\/Gustave-Colin-1828-\u2013-1910-5-200x226.jpeg 200w, https:\/\/galerieballesteros.fr\/wp-content\/uploads\/2022\/01\/Gustave-Colin-1828-\u2013-1910-5-400x453.jpeg 400w, https:\/\/galerieballesteros.fr\/wp-content\/uploads\/2022\/01\/Gustave-Colin-1828-\u2013-1910-5-600x679.jpeg 600w, https:\/\/galerieballesteros.fr\/wp-content\/uploads\/2022\/01\/Gustave-Colin-1828-\u2013-1910-5-800x906.jpeg 800w, https:\/\/galerieballesteros.fr\/wp-content\/uploads\/2022\/01\/Gustave-Colin-1828-\u2013-1910-5-1200x1358.jpeg 1200w, https:\/\/galerieballesteros.fr\/wp-content\/uploads\/2022\/01\/Gustave-Colin-1828-\u2013-1910-5.jpeg 1280w\" data-sizes=\"auto\" data-orig-sizes=\"(min-width: 2200px) 100vw, (min-width: 640px) 1920px, \" \/><\/a><\/div><\/div><div class=\"clearfix\"><\/div><\/div><\/div><\/div><\/div><div class=\"fusion-layout-column fusion_builder_column fusion-builder-column-1 fusion_builder_column_1_3 1_3 fusion-flex-column\" style=\"--awb-bg-size:cover;--awb-width-large:33.333333333333%;--awb-margin-top-large:0px;--awb-spacing-right-large:5.76%;--awb-margin-bottom-large:20px;--awb-spacing-left-large:5.76%;--awb-width-medium:33.333333333333%;--awb-order-medium:0;--awb-spacing-right-medium:5.76%;--awb-spacing-left-medium:5.76%;--awb-width-small:100%;--awb-order-small:0;--awb-spacing-right-small:1.92%;--awb-spacing-left-small:1.92%;\"><div class=\"fusion-column-wrapper fusion-column-has-shadow fusion-flex-justify-content-flex-start fusion-content-layout-column\"><div class=\"fusion-text fusion-text-1\" style=\"--awb-text-transform:none;\"><h3 class=\"info_section_title\"><em>Gustav Colin<\/em><\/h3>\n<h6><i>little flower girl <\/i><\/h6>\n<h6>Oil on canvas, circa 1880 Dimensions: 61 x 50 cm With frame: 86 x 75 cm<\/h6>\n<h6>sold<\/h6>\n<div class=\"fusion-separator fusion-full-width-sep\" style=\"align-self: center;margin-left: auto;margin-right: auto;margin-bottom:15px;width:100%;\"><div class=\"fusion-separator-border sep-double\" style=\"--awb-height:20px;--awb-amount:20px;border-color:#e2e2e2;border-top-width:0px;border-bottom-width:0px;\"><\/div><\/div>\n<p>The painter represents a delicately painted young girl. The child stares at the viewer. The atmosphere is summery: she is represented with a large bouquet of wildflowers and an elegant straw hat decorated with a ribbon. The painter&#8217;s gesture is lively; his subject, quickly painted, with a lifted touch. Gustave Colin painted portraits, landscapes of Parisian life and scenes typical of Mediterranean folklore. Its colors are warm; his paste, free, strong and broadly brushed, brings audacity to his paintings. He was a pupil of Constant Dutilleux in Arras then of Ary Scheffer, Thomas Couture and Camille Corot in Paris, of whom he will keep a strong impression. He began his career at the Salon of 1857. He received awards on several occasions, including the gold medal in 1900. In 1863, he exhibited at the Salon des Refus\u00e9s alongside Manet, who for the occasion unveiled his famous painting, <em>Luncheon on the Grass<\/em> . In 1874, the painter participated in the first exhibition of the Impressionists, he exhibited five paintings. Happy to have learned and eager to transmit, he is a professor at the Acad\u00e9mie Julian in Paris. Although originally from northern France, he lived in the Basque country, which inspired many of his paintings. <b>Museums : <\/b> &#8211; In Paris: Mus\u00e9e d&#8217;Orsay &#8211; In France: Mus\u00e9e des beaux-arts de Pau, Mus\u00e9e Crozatier \u00e0 Le-Puy-en-Velay, Mus\u00e9e de la Chartreuse de Douai, Mus\u00e9e des beaux-arts de Marseille, Mus\u00e9e des beaux-arts de Reims, Mus\u00e9e Antoine Vivenel de Compi\u00e8gne, Mus\u00e9e basque et de l&#8217;histoire de Bayonne, Mus\u00e9e des beaux-arts de Lille. <b>Bibliography:<\/b> &#8211; Hans Peter B\u00fchler, &#8220;Colin Gustave&#8221;, <i>Allgemeines Kunsterlexikon<\/i>, 1998 &#8211; G\u00e9rard Schurr, Pierre Cabane, <i>Dictionnaire des petits ma\u00eetres de la peinture, 1820-1920<\/i>, t. II, Paris, Editions of the amateur, 1996<\/p>\n<\/div><\/div><\/div><\/div><\/div><div class=\"fusion-fullwidth fullwidth-box fusion-builder-row-2 fusion-flex-container nonhundred-percent-fullwidth non-hundred-percent-height-scrolling\" style=\"--awb-border-radius-top-left:0px;--awb-border-radius-top-right:0px;--awb-border-radius-bottom-right:0px;--awb-border-radius-bottom-left:0px;--awb-flex-wrap:wrap;\" ><div class=\"fusion-builder-row fusion-row fusion-flex-align-items-flex-start fusion-flex-content-wrap\" style=\"max-width:1996.8px;margin-left: calc(-4% \/ 2 );margin-right: calc(-4% \/ 2 );\"><div class=\"fusion-layout-column fusion_builder_column fusion-builder-column-2 fusion_builder_column_1_1 1_1 fusion-flex-column\" style=\"--awb-bg-size:cover;--awb-width-large:100%;--awb-margin-top-large:0px;--awb-spacing-right-large:1.92%;--awb-margin-bottom-large:20px;--awb-spacing-left-large:1.92%;--awb-width-medium:100%;--awb-order-medium:0;--awb-spacing-right-medium:1.92%;--awb-spacing-left-medium:1.92%;--awb-width-small:100%;--awb-order-small:0;--awb-spacing-right-small:1.92%;--awb-spacing-left-small:1.92%;\"><div class=\"fusion-column-wrapper fusion-column-has-shadow fusion-flex-justify-content-flex-start fusion-content-layout-column\"><\/div><\/div><\/div><\/div><\/p>\n","protected":false},"excerpt":{"rendered":"","protected":false},"author":1,"featured_media":2994,"menu_order":0,"comment_status":"open","ping_status":"closed","template":"","format":"standard","meta":{"_monsterinsights_skip_tracking":false,"_monsterinsights_sitenote_active":false,"_monsterinsights_sitenote_note":"","_monsterinsights_sitenote_category":0,"footnotes":""},"portfolio_category":[77],"portfolio_skills":[],"portfolio_tags":[],"class_list":["post-3723","avada_portfolio","type-avada_portfolio","status-publish","format-standard","has-post-thumbnail","hentry","portfolio_category-archives-en"],"yoast_head":"<!-- This site is optimized with the Yoast SEO plugin v27.5 - https:\/\/yoast.com\/product\/yoast-seo-wordpress\/ -->\n<title>Gustave COLIN (1828 \u2013 1910) - Galerie Ballesteros<\/title>\n<meta name=\"robots\" content=\"index, follow, max-snippet:-1, max-image-preview:large, max-video-preview:-1\" \/>\n<link rel=\"canonical\" href=\"https:\/\/galerieballesteros.fr\/en\/portfolio-items\/gustave-colin-1828-1910\/\" \/>\n<meta property=\"og:locale\" content=\"en_US\" \/>\n<meta property=\"og:type\" content=\"article\" \/>\n<meta property=\"og:title\" content=\"Gustave COLIN (1828 \u2013 1910) - Galerie Ballesteros\" \/>\n<meta property=\"og:url\" content=\"https:\/\/galerieballesteros.fr\/en\/portfolio-items\/gustave-colin-1828-1910\/\" \/>\n<meta property=\"og:site_name\" content=\"Galerie Ballesteros\" \/>\n<meta property=\"article:publisher\" content=\"https:\/\/www.facebook.com\/galerieballesterosparis\/\" \/>\n<meta property=\"article:modified_time\" content=\"2024-11-30T14:48:52+00:00\" \/>\n<meta property=\"og:image\" content=\"https:\/\/galerieballesteros.fr\/wp-content\/uploads\/2022\/01\/Gustave-Colin-1828-\u2013-1910-1.jpeg\" \/>\n\t<meta property=\"og:image:width\" content=\"1400\" \/>\n\t<meta property=\"og:image:height\" content=\"1716\" \/>\n\t<meta property=\"og:image:type\" content=\"image\/jpeg\" \/>\n<meta name=\"twitter:card\" content=\"summary_large_image\" \/>\n<meta name=\"twitter:label1\" content=\"Est. reading time\" \/>\n\t<meta name=\"twitter:data1\" content=\"6 minutes\" \/>\n<script type=\"application\/ld+json\" class=\"yoast-schema-graph\">{\"@context\":\"https:\\\/\\\/schema.org\",\"@graph\":[{\"@type\":\"WebPage\",\"@id\":\"https:\\\/\\\/galerieballesteros.fr\\\/en\\\/portfolio-items\\\/gustave-colin-1828-1910\\\/\",\"url\":\"https:\\\/\\\/galerieballesteros.fr\\\/en\\\/portfolio-items\\\/gustave-colin-1828-1910\\\/\",\"name\":\"Gustave COLIN (1828 \u2013 1910) - Galerie Ballesteros\",\"isPartOf\":{\"@id\":\"https:\\\/\\\/galerieballesteros.fr\\\/#website\"},\"primaryImageOfPage\":{\"@id\":\"https:\\\/\\\/galerieballesteros.fr\\\/en\\\/portfolio-items\\\/gustave-colin-1828-1910\\\/#primaryimage\"},\"image\":{\"@id\":\"https:\\\/\\\/galerieballesteros.fr\\\/en\\\/portfolio-items\\\/gustave-colin-1828-1910\\\/#primaryimage\"},\"thumbnailUrl\":\"https:\\\/\\\/galerieballesteros.fr\\\/wp-content\\\/uploads\\\/2022\\\/01\\\/Gustave-Colin-1828-\u2013-1910-1.jpeg\",\"datePublished\":\"2022-01-24T14:28:27+00:00\",\"dateModified\":\"2024-11-30T14:48:52+00:00\",\"breadcrumb\":{\"@id\":\"https:\\\/\\\/galerieballesteros.fr\\\/en\\\/portfolio-items\\\/gustave-colin-1828-1910\\\/#breadcrumb\"},\"inLanguage\":\"en-US\",\"potentialAction\":[{\"@type\":\"ReadAction\",\"target\":[\"https:\\\/\\\/galerieballesteros.fr\\\/en\\\/portfolio-items\\\/gustave-colin-1828-1910\\\/\"]}]},{\"@type\":\"ImageObject\",\"inLanguage\":\"en-US\",\"@id\":\"https:\\\/\\\/galerieballesteros.fr\\\/en\\\/portfolio-items\\\/gustave-colin-1828-1910\\\/#primaryimage\",\"url\":\"https:\\\/\\\/galerieballesteros.fr\\\/wp-content\\\/uploads\\\/2022\\\/01\\\/Gustave-Colin-1828-\u2013-1910-1.jpeg\",\"contentUrl\":\"https:\\\/\\\/galerieballesteros.fr\\\/wp-content\\\/uploads\\\/2022\\\/01\\\/Gustave-Colin-1828-\u2013-1910-1.jpeg\",\"width\":1400,\"height\":1716},{\"@type\":\"BreadcrumbList\",\"@id\":\"https:\\\/\\\/galerieballesteros.fr\\\/en\\\/portfolio-items\\\/gustave-colin-1828-1910\\\/#breadcrumb\",\"itemListElement\":[{\"@type\":\"ListItem\",\"position\":1,\"name\":\"Accueil\",\"item\":\"https:\\\/\\\/galerieballesteros.fr\\\/en\\\/homepage\\\/\"},{\"@type\":\"ListItem\",\"position\":2,\"name\":\"Portfolio\",\"item\":\"https:\\\/\\\/galerieballesteros.fr\\\/portfolio-items\\\/\"},{\"@type\":\"ListItem\",\"position\":3,\"name\":\"Gustave COLIN (1828 \u2013 1910)\"}]},{\"@type\":\"WebSite\",\"@id\":\"https:\\\/\\\/galerieballesteros.fr\\\/#website\",\"url\":\"https:\\\/\\\/galerieballesteros.fr\\\/\",\"name\":\"Galerie Ballesteros\",\"description\":\"L&#039;Art que vous aimez\",\"publisher\":{\"@id\":\"https:\\\/\\\/galerieballesteros.fr\\\/#organization\"},\"potentialAction\":[{\"@type\":\"SearchAction\",\"target\":{\"@type\":\"EntryPoint\",\"urlTemplate\":\"https:\\\/\\\/galerieballesteros.fr\\\/?s={search_term_string}\"},\"query-input\":{\"@type\":\"PropertyValueSpecification\",\"valueRequired\":true,\"valueName\":\"search_term_string\"}}],\"inLanguage\":\"en-US\"},{\"@type\":\"Organization\",\"@id\":\"https:\\\/\\\/galerieballesteros.fr\\\/#organization\",\"name\":\"Galerie Ballesteros\",\"url\":\"https:\\\/\\\/galerieballesteros.fr\\\/\",\"logo\":{\"@type\":\"ImageObject\",\"inLanguage\":\"en-US\",\"@id\":\"https:\\\/\\\/galerieballesteros.fr\\\/#\\\/schema\\\/logo\\\/image\\\/\",\"url\":\"https:\\\/\\\/galerieballesteros.fr\\\/wp-content\\\/uploads\\\/2022\\\/03\\\/Logo-Sigle-Insta.png\",\"contentUrl\":\"https:\\\/\\\/galerieballesteros.fr\\\/wp-content\\\/uploads\\\/2022\\\/03\\\/Logo-Sigle-Insta.png\",\"width\":612,\"height\":619,\"caption\":\"Galerie Ballesteros\"},\"image\":{\"@id\":\"https:\\\/\\\/galerieballesteros.fr\\\/#\\\/schema\\\/logo\\\/image\\\/\"},\"sameAs\":[\"https:\\\/\\\/www.facebook.com\\\/galerieballesterosparis\\\/\",\"https:\\\/\\\/www.instagram.com\\\/galerieballesteros\\\/\"]}]}<\/script>\n<!-- \/ Yoast SEO plugin. -->","yoast_head_json":{"title":"Gustave COLIN (1828 \u2013 1910) - Galerie Ballesteros","robots":{"index":"index","follow":"follow","max-snippet":"max-snippet:-1","max-image-preview":"max-image-preview:large","max-video-preview":"max-video-preview:-1"},"canonical":"https:\/\/galerieballesteros.fr\/en\/portfolio-items\/gustave-colin-1828-1910\/","og_locale":"en_US","og_type":"article","og_title":"Gustave COLIN (1828 \u2013 1910) - Galerie Ballesteros","og_url":"https:\/\/galerieballesteros.fr\/en\/portfolio-items\/gustave-colin-1828-1910\/","og_site_name":"Galerie Ballesteros","article_publisher":"https:\/\/www.facebook.com\/galerieballesterosparis\/","article_modified_time":"2024-11-30T14:48:52+00:00","og_image":[{"width":1400,"height":1716,"url":"https:\/\/galerieballesteros.fr\/wp-content\/uploads\/2022\/01\/Gustave-Colin-1828-\u2013-1910-1.jpeg","type":"image\/jpeg"}],"twitter_card":"summary_large_image","twitter_misc":{"Est. reading time":"6 minutes"},"schema":{"@context":"https:\/\/schema.org","@graph":[{"@type":"WebPage","@id":"https:\/\/galerieballesteros.fr\/en\/portfolio-items\/gustave-colin-1828-1910\/","url":"https:\/\/galerieballesteros.fr\/en\/portfolio-items\/gustave-colin-1828-1910\/","name":"Gustave COLIN (1828 \u2013 1910) - Galerie Ballesteros","isPartOf":{"@id":"https:\/\/galerieballesteros.fr\/#website"},"primaryImageOfPage":{"@id":"https:\/\/galerieballesteros.fr\/en\/portfolio-items\/gustave-colin-1828-1910\/#primaryimage"},"image":{"@id":"https:\/\/galerieballesteros.fr\/en\/portfolio-items\/gustave-colin-1828-1910\/#primaryimage"},"thumbnailUrl":"https:\/\/galerieballesteros.fr\/wp-content\/uploads\/2022\/01\/Gustave-Colin-1828-\u2013-1910-1.jpeg","datePublished":"2022-01-24T14:28:27+00:00","dateModified":"2024-11-30T14:48:52+00:00","breadcrumb":{"@id":"https:\/\/galerieballesteros.fr\/en\/portfolio-items\/gustave-colin-1828-1910\/#breadcrumb"},"inLanguage":"en-US","potentialAction":[{"@type":"ReadAction","target":["https:\/\/galerieballesteros.fr\/en\/portfolio-items\/gustave-colin-1828-1910\/"]}]},{"@type":"ImageObject","inLanguage":"en-US","@id":"https:\/\/galerieballesteros.fr\/en\/portfolio-items\/gustave-colin-1828-1910\/#primaryimage","url":"https:\/\/galerieballesteros.fr\/wp-content\/uploads\/2022\/01\/Gustave-Colin-1828-\u2013-1910-1.jpeg","contentUrl":"https:\/\/galerieballesteros.fr\/wp-content\/uploads\/2022\/01\/Gustave-Colin-1828-\u2013-1910-1.jpeg","width":1400,"height":1716},{"@type":"BreadcrumbList","@id":"https:\/\/galerieballesteros.fr\/en\/portfolio-items\/gustave-colin-1828-1910\/#breadcrumb","itemListElement":[{"@type":"ListItem","position":1,"name":"Accueil","item":"https:\/\/galerieballesteros.fr\/en\/homepage\/"},{"@type":"ListItem","position":2,"name":"Portfolio","item":"https:\/\/galerieballesteros.fr\/portfolio-items\/"},{"@type":"ListItem","position":3,"name":"Gustave COLIN (1828 \u2013 1910)"}]},{"@type":"WebSite","@id":"https:\/\/galerieballesteros.fr\/#website","url":"https:\/\/galerieballesteros.fr\/","name":"Galerie Ballesteros","description":"L&#039;Art que vous aimez","publisher":{"@id":"https:\/\/galerieballesteros.fr\/#organization"},"potentialAction":[{"@type":"SearchAction","target":{"@type":"EntryPoint","urlTemplate":"https:\/\/galerieballesteros.fr\/?s={search_term_string}"},"query-input":{"@type":"PropertyValueSpecification","valueRequired":true,"valueName":"search_term_string"}}],"inLanguage":"en-US"},{"@type":"Organization","@id":"https:\/\/galerieballesteros.fr\/#organization","name":"Galerie Ballesteros","url":"https:\/\/galerieballesteros.fr\/","logo":{"@type":"ImageObject","inLanguage":"en-US","@id":"https:\/\/galerieballesteros.fr\/#\/schema\/logo\/image\/","url":"https:\/\/galerieballesteros.fr\/wp-content\/uploads\/2022\/03\/Logo-Sigle-Insta.png","contentUrl":"https:\/\/galerieballesteros.fr\/wp-content\/uploads\/2022\/03\/Logo-Sigle-Insta.png","width":612,"height":619,"caption":"Galerie Ballesteros"},"image":{"@id":"https:\/\/galerieballesteros.fr\/#\/schema\/logo\/image\/"},"sameAs":["https:\/\/www.facebook.com\/galerieballesterosparis\/","https:\/\/www.instagram.com\/galerieballesteros\/"]}]}},"_links":{"self":[{"href":"https:\/\/galerieballesteros.fr\/en\/wp-json\/wp\/v2\/avada_portfolio\/3723","targetHints":{"allow":["GET"]}}],"collection":[{"href":"https:\/\/galerieballesteros.fr\/en\/wp-json\/wp\/v2\/avada_portfolio"}],"about":[{"href":"https:\/\/galerieballesteros.fr\/en\/wp-json\/wp\/v2\/types\/avada_portfolio"}],"author":[{"embeddable":true,"href":"https:\/\/galerieballesteros.fr\/en\/wp-json\/wp\/v2\/users\/1"}],"replies":[{"embeddable":true,"href":"https:\/\/galerieballesteros.fr\/en\/wp-json\/wp\/v2\/comments?post=3723"}],"version-history":[{"count":7,"href":"https:\/\/galerieballesteros.fr\/en\/wp-json\/wp\/v2\/avada_portfolio\/3723\/revisions"}],"predecessor-version":[{"id":10694,"href":"https:\/\/galerieballesteros.fr\/en\/wp-json\/wp\/v2\/avada_portfolio\/3723\/revisions\/10694"}],"wp:featuredmedia":[{"embeddable":true,"href":"https:\/\/galerieballesteros.fr\/en\/wp-json\/wp\/v2\/media\/2994"}],"wp:attachment":[{"href":"https:\/\/galerieballesteros.fr\/en\/wp-json\/wp\/v2\/media?parent=3723"}],"wp:term":[{"taxonomy":"portfolio_category","embeddable":true,"href":"https:\/\/galerieballesteros.fr\/en\/wp-json\/wp\/v2\/portfolio_category?post=3723"},{"taxonomy":"portfolio_skills","embeddable":true,"href":"https:\/\/galerieballesteros.fr\/en\/wp-json\/wp\/v2\/portfolio_skills?post=3723"},{"taxonomy":"portfolio_tags","embeddable":true,"href":"https:\/\/galerieballesteros.fr\/en\/wp-json\/wp\/v2\/portfolio_tags?post=3723"}],"curies":[{"name":"wp","href":"https:\/\/api.w.org\/{rel}","templated":true}]}}