{"id":13323,"date":"2026-09-06T08:58:12","date_gmt":"2026-09-06T08:58:12","guid":{"rendered":"https:\/\/galerieballesteros.fr\/portfolio-items\/marcel-blairat-1849-1891-the-odalisque-with-the-parrot\/"},"modified":"2026-09-06T09:05:53","modified_gmt":"2026-09-06T09:05:53","slug":"marcel-blairat-1849-1891-the-odalisque-with-the-parrot","status":"publish","type":"avada_portfolio","link":"https:\/\/galerieballesteros.fr\/en\/portfolio-items\/marcel-blairat-1849-1891-the-odalisque-with-the-parrot\/","title":{"rendered":"Marcel BLAIRAT (1849\u20131891) The Odalisque with the Parrot"},"content":{"rendered":"<p><div class=\"fusion-fullwidth fullwidth-box fusion-builder-row-1 fusion-flex-container nonhundred-percent-fullwidth non-hundred-percent-height-scrolling\" style=\"--awb-border-radius-top-left:0px;--awb-border-radius-top-right:0px;--awb-border-radius-bottom-right:0px;--awb-border-radius-bottom-left:0px;--awb-padding-top:0px;--awb-margin-top:30px;--awb-flex-wrap:wrap;\" ><div class=\"fusion-builder-row fusion-row fusion-flex-align-items-flex-start fusion-flex-content-wrap\" style=\"max-width:1996.8px;margin-left: calc(-4% \/ 2 );margin-right: calc(-4% \/ 2 );\"><div class=\"fusion-layout-column fusion_builder_column fusion-builder-column-0 fusion_builder_column_2_3 2_3 fusion-flex-column\" style=\"--awb-bg-size:cover;--awb-width-large:66.666666666667%;--awb-margin-top-large:0px;--awb-spacing-right-large:2.88%;--awb-margin-bottom-large:20px;--awb-spacing-left-large:2.88%;--awb-width-medium:66.666666666667%;--awb-order-medium:0;--awb-spacing-right-medium:2.88%;--awb-spacing-left-medium:2.88%;--awb-width-small:100%;--awb-order-small:0;--awb-spacing-right-small:1.92%;--awb-spacing-left-small:1.92%;\"><div class=\"fusion-column-wrapper fusion-column-has-shadow fusion-flex-justify-content-flex-start fusion-content-layout-column\"><div class=\"awb-gallery-wrapper awb-gallery-wrapper-1 button-span-no\" style=\"--more-btn-alignment:center;\"><div style=\"margin:-5px;--awb-bordersize:0px;\" class=\"fusion-gallery fusion-gallery-container fusion-grid-1 fusion-columns-total-9 fusion-gallery-layout-grid fusion-gallery-1\"><div style=\"padding:5px;\" class=\"fusion-grid-column fusion-gallery-column fusion-gallery-column-1 hover-type-none\"><div class=\"fusion-gallery-image\"><a href=\"https:\/\/galerieballesteros.fr\/wp-content\/uploads\/2026\/09\/Marcel-BLAIRAT1849-1891Lodalisque-au-perroquet.jpg\" rel=\"noreferrer\" data-rel=\"iLightbox[gallery_image_1]\" class=\"fusion-lightbox\" target=\"_self\"><img decoding=\"async\" src=\"https:\/\/galerieballesteros.fr\/wp-content\/uploads\/2026\/09\/Marcel-BLAIRAT1849-1891Lodalisque-au-perroquet.jpg\" data-orig-src=\"https:\/\/galerieballesteros.fr\/wp-content\/uploads\/2026\/09\/Marcel-BLAIRAT1849-1891Lodalisque-au-perroquet.jpg\" width=\"1849\" height=\"1200\" alt=\"Marcel BLAIRAT(1849-1891)L\u2019odalisque au perroquet cadre\" title=\"Marcel BLAIRAT(1849-1891)L\u2019odalisque au perroquet\" aria-label=\"Marcel BLAIRAT(1849-1891)L\u2019odalisque au perroquet\" class=\"lazyload img-responsive wp-image-13305\" srcset=\"data:image\/svg+xml,%3Csvg%20xmlns%3D%27http%3A%2F%2Fwww.w3.org%2F2000%2Fsvg%27%20width%3D%271849%27%20height%3D%271200%27%20viewBox%3D%270%200%201849%201200%27%3E%3Crect%20width%3D%271849%27%20height%3D%271200%27%20fill-opacity%3D%220%22%2F%3E%3C%2Fsvg%3E\" data-srcset=\"https:\/\/galerieballesteros.fr\/wp-content\/uploads\/2026\/09\/Marcel-BLAIRAT1849-1891Lodalisque-au-perroquet-200x130.jpg 200w, https:\/\/galerieballesteros.fr\/wp-content\/uploads\/2026\/09\/Marcel-BLAIRAT1849-1891Lodalisque-au-perroquet-400x260.jpg 400w, https:\/\/galerieballesteros.fr\/wp-content\/uploads\/2026\/09\/Marcel-BLAIRAT1849-1891Lodalisque-au-perroquet-600x389.jpg 600w, https:\/\/galerieballesteros.fr\/wp-content\/uploads\/2026\/09\/Marcel-BLAIRAT1849-1891Lodalisque-au-perroquet-800x519.jpg 800w, https:\/\/galerieballesteros.fr\/wp-content\/uploads\/2026\/09\/Marcel-BLAIRAT1849-1891Lodalisque-au-perroquet-1200x779.jpg 1200w, https:\/\/galerieballesteros.fr\/wp-content\/uploads\/2026\/09\/Marcel-BLAIRAT1849-1891Lodalisque-au-perroquet.jpg 1849w\" data-sizes=\"auto\" data-orig-sizes=\"(min-width: 2200px) 100vw, (min-width: 640px) 1920px, \" \/><\/a><\/div><\/div><div class=\"clearfix\"><\/div><div style=\"padding:5px;\" class=\"fusion-grid-column fusion-gallery-column fusion-gallery-column-1 hover-type-none\"><div class=\"fusion-gallery-image\"><a href=\"https:\/\/galerieballesteros.fr\/wp-content\/uploads\/2026\/09\/Marcel-BLAIRAT1849-1891Lodalisque-au-perroquet-cadre.jpg\" rel=\"noreferrer\" data-rel=\"iLightbox[gallery_image_1]\" class=\"fusion-lightbox\" target=\"_self\"><img decoding=\"async\" src=\"https:\/\/galerieballesteros.fr\/wp-content\/uploads\/2026\/09\/Marcel-BLAIRAT1849-1891Lodalisque-au-perroquet-cadre.jpg\" data-orig-src=\"https:\/\/galerieballesteros.fr\/wp-content\/uploads\/2026\/09\/Marcel-BLAIRAT1849-1891Lodalisque-au-perroquet-cadre.jpg\" width=\"1542\" height=\"1200\" alt=\"Marcel BLAIRAT(1849-1891)L\u2019odalisque au perroquet cadre\" title=\"Marcel BLAIRAT(1849-1891)L\u2019odalisque au perroquet cadre\" aria-label=\"Marcel BLAIRAT(1849-1891)L\u2019odalisque au perroquet cadre\" class=\"lazyload img-responsive wp-image-13307\" srcset=\"data:image\/svg+xml,%3Csvg%20xmlns%3D%27http%3A%2F%2Fwww.w3.org%2F2000%2Fsvg%27%20width%3D%271542%27%20height%3D%271200%27%20viewBox%3D%270%200%201542%201200%27%3E%3Crect%20width%3D%271542%27%20height%3D%271200%27%20fill-opacity%3D%220%22%2F%3E%3C%2Fsvg%3E\" data-srcset=\"https:\/\/galerieballesteros.fr\/wp-content\/uploads\/2026\/09\/Marcel-BLAIRAT1849-1891Lodalisque-au-perroquet-cadre-200x156.jpg 200w, https:\/\/galerieballesteros.fr\/wp-content\/uploads\/2026\/09\/Marcel-BLAIRAT1849-1891Lodalisque-au-perroquet-cadre-400x311.jpg 400w, https:\/\/galerieballesteros.fr\/wp-content\/uploads\/2026\/09\/Marcel-BLAIRAT1849-1891Lodalisque-au-perroquet-cadre-600x467.jpg 600w, https:\/\/galerieballesteros.fr\/wp-content\/uploads\/2026\/09\/Marcel-BLAIRAT1849-1891Lodalisque-au-perroquet-cadre-800x623.jpg 800w, https:\/\/galerieballesteros.fr\/wp-content\/uploads\/2026\/09\/Marcel-BLAIRAT1849-1891Lodalisque-au-perroquet-cadre-1200x934.jpg 1200w, https:\/\/galerieballesteros.fr\/wp-content\/uploads\/2026\/09\/Marcel-BLAIRAT1849-1891Lodalisque-au-perroquet-cadre.jpg 1542w\" data-sizes=\"auto\" data-orig-sizes=\"(min-width: 2200px) 100vw, (min-width: 640px) 1920px, \" \/><\/a><\/div><\/div><div class=\"clearfix\"><\/div><div style=\"padding:5px;\" class=\"fusion-grid-column fusion-gallery-column fusion-gallery-column-1 hover-type-none\"><div class=\"fusion-gallery-image\"><a href=\"https:\/\/galerieballesteros.fr\/wp-content\/uploads\/2026\/09\/Marcel-BLAIRAT1849-1891Lodalisque-au-perroquet-1.jpg\" rel=\"noreferrer\" data-rel=\"iLightbox[gallery_image_1]\" class=\"fusion-lightbox\" target=\"_self\"><img decoding=\"async\" src=\"https:\/\/galerieballesteros.fr\/wp-content\/uploads\/2026\/09\/Marcel-BLAIRAT1849-1891Lodalisque-au-perroquet-1.jpg\" data-orig-src=\"https:\/\/galerieballesteros.fr\/wp-content\/uploads\/2026\/09\/Marcel-BLAIRAT1849-1891Lodalisque-au-perroquet-1.jpg\" width=\"1542\" height=\"1200\" alt=\"Marcel BLAIRAT(1849-1891)L\u2019odalisque au perroquet 1\" title=\"Marcel BLAIRAT(1849-1891)L\u2019odalisque au perroquet 1\" aria-label=\"Marcel BLAIRAT(1849-1891)L\u2019odalisque au perroquet 1\" class=\"lazyload img-responsive wp-image-13309\" srcset=\"data:image\/svg+xml,%3Csvg%20xmlns%3D%27http%3A%2F%2Fwww.w3.org%2F2000%2Fsvg%27%20width%3D%271542%27%20height%3D%271200%27%20viewBox%3D%270%200%201542%201200%27%3E%3Crect%20width%3D%271542%27%20height%3D%271200%27%20fill-opacity%3D%220%22%2F%3E%3C%2Fsvg%3E\" data-srcset=\"https:\/\/galerieballesteros.fr\/wp-content\/uploads\/2026\/09\/Marcel-BLAIRAT1849-1891Lodalisque-au-perroquet-1-200x156.jpg 200w, https:\/\/galerieballesteros.fr\/wp-content\/uploads\/2026\/09\/Marcel-BLAIRAT1849-1891Lodalisque-au-perroquet-1-400x311.jpg 400w, https:\/\/galerieballesteros.fr\/wp-content\/uploads\/2026\/09\/Marcel-BLAIRAT1849-1891Lodalisque-au-perroquet-1-600x467.jpg 600w, https:\/\/galerieballesteros.fr\/wp-content\/uploads\/2026\/09\/Marcel-BLAIRAT1849-1891Lodalisque-au-perroquet-1-800x623.jpg 800w, https:\/\/galerieballesteros.fr\/wp-content\/uploads\/2026\/09\/Marcel-BLAIRAT1849-1891Lodalisque-au-perroquet-1-1200x934.jpg 1200w, https:\/\/galerieballesteros.fr\/wp-content\/uploads\/2026\/09\/Marcel-BLAIRAT1849-1891Lodalisque-au-perroquet-1.jpg 1542w\" data-sizes=\"auto\" data-orig-sizes=\"(min-width: 2200px) 100vw, (min-width: 640px) 1920px, \" \/><\/a><\/div><\/div><div class=\"clearfix\"><\/div><div style=\"padding:5px;\" class=\"fusion-grid-column fusion-gallery-column fusion-gallery-column-1 hover-type-none\"><div class=\"fusion-gallery-image\"><a href=\"https:\/\/galerieballesteros.fr\/wp-content\/uploads\/2026\/09\/Marcel-BLAIRAT1849-1891Lodalisque-au-perroquet-2.jpg\" rel=\"noreferrer\" data-rel=\"iLightbox[gallery_image_1]\" class=\"fusion-lightbox\" target=\"_self\"><img decoding=\"async\" src=\"https:\/\/galerieballesteros.fr\/wp-content\/uploads\/2026\/09\/Marcel-BLAIRAT1849-1891Lodalisque-au-perroquet-2.jpg\" data-orig-src=\"https:\/\/galerieballesteros.fr\/wp-content\/uploads\/2026\/09\/Marcel-BLAIRAT1849-1891Lodalisque-au-perroquet-2.jpg\" width=\"1638\" height=\"1200\" alt=\"Marcel BLAIRAT(1849-1891)L\u2019odalisque au perroquet 2\" title=\"Marcel BLAIRAT(1849-1891)L\u2019odalisque au perroquet 2\" aria-label=\"Marcel BLAIRAT(1849-1891)L\u2019odalisque au perroquet 2\" class=\"lazyload img-responsive wp-image-13311\" srcset=\"data:image\/svg+xml,%3Csvg%20xmlns%3D%27http%3A%2F%2Fwww.w3.org%2F2000%2Fsvg%27%20width%3D%271638%27%20height%3D%271200%27%20viewBox%3D%270%200%201638%201200%27%3E%3Crect%20width%3D%271638%27%20height%3D%271200%27%20fill-opacity%3D%220%22%2F%3E%3C%2Fsvg%3E\" data-srcset=\"https:\/\/galerieballesteros.fr\/wp-content\/uploads\/2026\/09\/Marcel-BLAIRAT1849-1891Lodalisque-au-perroquet-2-200x147.jpg 200w, https:\/\/galerieballesteros.fr\/wp-content\/uploads\/2026\/09\/Marcel-BLAIRAT1849-1891Lodalisque-au-perroquet-2-400x293.jpg 400w, https:\/\/galerieballesteros.fr\/wp-content\/uploads\/2026\/09\/Marcel-BLAIRAT1849-1891Lodalisque-au-perroquet-2-600x440.jpg 600w, https:\/\/galerieballesteros.fr\/wp-content\/uploads\/2026\/09\/Marcel-BLAIRAT1849-1891Lodalisque-au-perroquet-2-800x586.jpg 800w, https:\/\/galerieballesteros.fr\/wp-content\/uploads\/2026\/09\/Marcel-BLAIRAT1849-1891Lodalisque-au-perroquet-2-1200x879.jpg 1200w, https:\/\/galerieballesteros.fr\/wp-content\/uploads\/2026\/09\/Marcel-BLAIRAT1849-1891Lodalisque-au-perroquet-2.jpg 1638w\" data-sizes=\"auto\" data-orig-sizes=\"(min-width: 2200px) 100vw, (min-width: 640px) 1920px, \" \/><\/a><\/div><\/div><div class=\"clearfix\"><\/div><div style=\"padding:5px;\" class=\"fusion-grid-column fusion-gallery-column fusion-gallery-column-1 hover-type-none\"><div class=\"fusion-gallery-image\"><a href=\"https:\/\/galerieballesteros.fr\/wp-content\/uploads\/2026\/09\/Marcel-BLAIRAT1849-1891Lodalisque-au-perroquet-3.jpg\" rel=\"noreferrer\" data-rel=\"iLightbox[gallery_image_1]\" class=\"fusion-lightbox\" target=\"_self\"><img decoding=\"async\" src=\"https:\/\/galerieballesteros.fr\/wp-content\/uploads\/2026\/09\/Marcel-BLAIRAT1849-1891Lodalisque-au-perroquet-3.jpg\" data-orig-src=\"https:\/\/galerieballesteros.fr\/wp-content\/uploads\/2026\/09\/Marcel-BLAIRAT1849-1891Lodalisque-au-perroquet-3.jpg\" width=\"1345\" height=\"1200\" alt=\"Marcel BLAIRAT(1849-1891)L\u2019odalisque au perroquet 3\" title=\"Marcel BLAIRAT(1849-1891)L\u2019odalisque au perroquet 3\" aria-label=\"Marcel BLAIRAT(1849-1891)L\u2019odalisque au perroquet 3\" class=\"lazyload img-responsive wp-image-13313\" srcset=\"data:image\/svg+xml,%3Csvg%20xmlns%3D%27http%3A%2F%2Fwww.w3.org%2F2000%2Fsvg%27%20width%3D%271345%27%20height%3D%271200%27%20viewBox%3D%270%200%201345%201200%27%3E%3Crect%20width%3D%271345%27%20height%3D%271200%27%20fill-opacity%3D%220%22%2F%3E%3C%2Fsvg%3E\" data-srcset=\"https:\/\/galerieballesteros.fr\/wp-content\/uploads\/2026\/09\/Marcel-BLAIRAT1849-1891Lodalisque-au-perroquet-3-200x178.jpg 200w, https:\/\/galerieballesteros.fr\/wp-content\/uploads\/2026\/09\/Marcel-BLAIRAT1849-1891Lodalisque-au-perroquet-3-400x357.jpg 400w, https:\/\/galerieballesteros.fr\/wp-content\/uploads\/2026\/09\/Marcel-BLAIRAT1849-1891Lodalisque-au-perroquet-3-600x535.jpg 600w, https:\/\/galerieballesteros.fr\/wp-content\/uploads\/2026\/09\/Marcel-BLAIRAT1849-1891Lodalisque-au-perroquet-3-800x714.jpg 800w, https:\/\/galerieballesteros.fr\/wp-content\/uploads\/2026\/09\/Marcel-BLAIRAT1849-1891Lodalisque-au-perroquet-3-1200x1071.jpg 1200w, https:\/\/galerieballesteros.fr\/wp-content\/uploads\/2026\/09\/Marcel-BLAIRAT1849-1891Lodalisque-au-perroquet-3.jpg 1345w\" data-sizes=\"auto\" data-orig-sizes=\"(min-width: 2200px) 100vw, (min-width: 640px) 1920px, \" \/><\/a><\/div><\/div><div class=\"clearfix\"><\/div><div style=\"padding:5px;\" class=\"fusion-grid-column fusion-gallery-column fusion-gallery-column-1 hover-type-none\"><div class=\"fusion-gallery-image\"><a href=\"https:\/\/galerieballesteros.fr\/wp-content\/uploads\/2026\/09\/Marcel-BLAIRAT1849-1891Lodalisque-au-perroquet-4.jpg\" rel=\"noreferrer\" data-rel=\"iLightbox[gallery_image_1]\" class=\"fusion-lightbox\" target=\"_self\"><img decoding=\"async\" src=\"https:\/\/galerieballesteros.fr\/wp-content\/uploads\/2026\/09\/Marcel-BLAIRAT1849-1891Lodalisque-au-perroquet-4.jpg\" data-orig-src=\"https:\/\/galerieballesteros.fr\/wp-content\/uploads\/2026\/09\/Marcel-BLAIRAT1849-1891Lodalisque-au-perroquet-4.jpg\" width=\"1542\" height=\"1200\" alt=\"Marcel BLAIRAT(1849-1891)L\u2019odalisque au perroquet 4\" title=\"Marcel BLAIRAT(1849-1891)L\u2019odalisque au perroquet 4\" aria-label=\"Marcel BLAIRAT(1849-1891)L\u2019odalisque au perroquet 4\" class=\"lazyload img-responsive wp-image-13315\" srcset=\"data:image\/svg+xml,%3Csvg%20xmlns%3D%27http%3A%2F%2Fwww.w3.org%2F2000%2Fsvg%27%20width%3D%271542%27%20height%3D%271200%27%20viewBox%3D%270%200%201542%201200%27%3E%3Crect%20width%3D%271542%27%20height%3D%271200%27%20fill-opacity%3D%220%22%2F%3E%3C%2Fsvg%3E\" data-srcset=\"https:\/\/galerieballesteros.fr\/wp-content\/uploads\/2026\/09\/Marcel-BLAIRAT1849-1891Lodalisque-au-perroquet-4-200x156.jpg 200w, https:\/\/galerieballesteros.fr\/wp-content\/uploads\/2026\/09\/Marcel-BLAIRAT1849-1891Lodalisque-au-perroquet-4-400x311.jpg 400w, https:\/\/galerieballesteros.fr\/wp-content\/uploads\/2026\/09\/Marcel-BLAIRAT1849-1891Lodalisque-au-perroquet-4-600x467.jpg 600w, https:\/\/galerieballesteros.fr\/wp-content\/uploads\/2026\/09\/Marcel-BLAIRAT1849-1891Lodalisque-au-perroquet-4-800x623.jpg 800w, https:\/\/galerieballesteros.fr\/wp-content\/uploads\/2026\/09\/Marcel-BLAIRAT1849-1891Lodalisque-au-perroquet-4-1200x934.jpg 1200w, https:\/\/galerieballesteros.fr\/wp-content\/uploads\/2026\/09\/Marcel-BLAIRAT1849-1891Lodalisque-au-perroquet-4.jpg 1542w\" data-sizes=\"auto\" data-orig-sizes=\"(min-width: 2200px) 100vw, (min-width: 640px) 1920px, \" \/><\/a><\/div><\/div><div class=\"clearfix\"><\/div><div style=\"padding:5px;\" class=\"fusion-grid-column fusion-gallery-column fusion-gallery-column-1 hover-type-none\"><div class=\"fusion-gallery-image\"><a href=\"https:\/\/galerieballesteros.fr\/wp-content\/uploads\/2026\/09\/Marcel-BLAIRAT1849-1891Lodalisque-au-perroquet-5.jpg\" rel=\"noreferrer\" data-rel=\"iLightbox[gallery_image_1]\" class=\"fusion-lightbox\" target=\"_self\"><img decoding=\"async\" src=\"https:\/\/galerieballesteros.fr\/wp-content\/uploads\/2026\/09\/Marcel-BLAIRAT1849-1891Lodalisque-au-perroquet-5.jpg\" data-orig-src=\"https:\/\/galerieballesteros.fr\/wp-content\/uploads\/2026\/09\/Marcel-BLAIRAT1849-1891Lodalisque-au-perroquet-5.jpg\" width=\"1200\" height=\"1542\" alt=\"Marcel BLAIRAT(1849-1891)L\u2019odalisque au perroquet 5\" title=\"Marcel BLAIRAT(1849-1891)L\u2019odalisque au perroquet 5\" aria-label=\"Marcel BLAIRAT(1849-1891)L\u2019odalisque au perroquet 5\" class=\"lazyload img-responsive wp-image-13317\" srcset=\"data:image\/svg+xml,%3Csvg%20xmlns%3D%27http%3A%2F%2Fwww.w3.org%2F2000%2Fsvg%27%20width%3D%271200%27%20height%3D%271542%27%20viewBox%3D%270%200%201200%201542%27%3E%3Crect%20width%3D%271200%27%20height%3D%271542%27%20fill-opacity%3D%220%22%2F%3E%3C%2Fsvg%3E\" data-srcset=\"https:\/\/galerieballesteros.fr\/wp-content\/uploads\/2026\/09\/Marcel-BLAIRAT1849-1891Lodalisque-au-perroquet-5-200x257.jpg 200w, https:\/\/galerieballesteros.fr\/wp-content\/uploads\/2026\/09\/Marcel-BLAIRAT1849-1891Lodalisque-au-perroquet-5-400x514.jpg 400w, https:\/\/galerieballesteros.fr\/wp-content\/uploads\/2026\/09\/Marcel-BLAIRAT1849-1891Lodalisque-au-perroquet-5-600x771.jpg 600w, https:\/\/galerieballesteros.fr\/wp-content\/uploads\/2026\/09\/Marcel-BLAIRAT1849-1891Lodalisque-au-perroquet-5-800x1028.jpg 800w, https:\/\/galerieballesteros.fr\/wp-content\/uploads\/2026\/09\/Marcel-BLAIRAT1849-1891Lodalisque-au-perroquet-5.jpg 1200w\" data-sizes=\"auto\" data-orig-sizes=\"(min-width: 2200px) 100vw, (min-width: 640px) 1920px, \" \/><\/a><\/div><\/div><div class=\"clearfix\"><\/div><div style=\"padding:5px;\" class=\"fusion-grid-column fusion-gallery-column fusion-gallery-column-1 hover-type-none\"><div class=\"fusion-gallery-image\"><a href=\"https:\/\/galerieballesteros.fr\/wp-content\/uploads\/2026\/09\/Marcel-BLAIRAT1849-1891Lodalisque-au-perroquet-6.jpg\" rel=\"noreferrer\" data-rel=\"iLightbox[gallery_image_1]\" class=\"fusion-lightbox\" target=\"_self\"><img decoding=\"async\" src=\"https:\/\/galerieballesteros.fr\/wp-content\/uploads\/2026\/09\/Marcel-BLAIRAT1849-1891Lodalisque-au-perroquet-6.jpg\" data-orig-src=\"https:\/\/galerieballesteros.fr\/wp-content\/uploads\/2026\/09\/Marcel-BLAIRAT1849-1891Lodalisque-au-perroquet-6.jpg\" width=\"1235\" height=\"1200\" alt=\"Marcel BLAIRAT(1849-1891)L\u2019odalisque au perroquet 6\" title=\"Marcel BLAIRAT(1849-1891)L\u2019odalisque au perroquet 6\" aria-label=\"Marcel BLAIRAT(1849-1891)L\u2019odalisque au perroquet 6\" class=\"lazyload img-responsive wp-image-13319\" srcset=\"data:image\/svg+xml,%3Csvg%20xmlns%3D%27http%3A%2F%2Fwww.w3.org%2F2000%2Fsvg%27%20width%3D%271235%27%20height%3D%271200%27%20viewBox%3D%270%200%201235%201200%27%3E%3Crect%20width%3D%271235%27%20height%3D%271200%27%20fill-opacity%3D%220%22%2F%3E%3C%2Fsvg%3E\" data-srcset=\"https:\/\/galerieballesteros.fr\/wp-content\/uploads\/2026\/09\/Marcel-BLAIRAT1849-1891Lodalisque-au-perroquet-6-200x194.jpg 200w, https:\/\/galerieballesteros.fr\/wp-content\/uploads\/2026\/09\/Marcel-BLAIRAT1849-1891Lodalisque-au-perroquet-6-400x389.jpg 400w, https:\/\/galerieballesteros.fr\/wp-content\/uploads\/2026\/09\/Marcel-BLAIRAT1849-1891Lodalisque-au-perroquet-6-600x583.jpg 600w, https:\/\/galerieballesteros.fr\/wp-content\/uploads\/2026\/09\/Marcel-BLAIRAT1849-1891Lodalisque-au-perroquet-6-800x777.jpg 800w, https:\/\/galerieballesteros.fr\/wp-content\/uploads\/2026\/09\/Marcel-BLAIRAT1849-1891Lodalisque-au-perroquet-6-1200x1166.jpg 1200w, https:\/\/galerieballesteros.fr\/wp-content\/uploads\/2026\/09\/Marcel-BLAIRAT1849-1891Lodalisque-au-perroquet-6.jpg 1235w\" data-sizes=\"auto\" data-orig-sizes=\"(min-width: 2200px) 100vw, (min-width: 640px) 1920px, \" \/><\/a><\/div><\/div><div class=\"clearfix\"><\/div><div style=\"padding:5px;\" class=\"fusion-grid-column fusion-gallery-column fusion-gallery-column-1 hover-type-none\"><div class=\"fusion-gallery-image\"><a href=\"https:\/\/galerieballesteros.fr\/wp-content\/uploads\/2026\/09\/Marcel-BLAIRAT1849-1891Lodalisque-au-perroquet-7.jpg\" rel=\"noreferrer\" data-rel=\"iLightbox[gallery_image_1]\" class=\"fusion-lightbox\" target=\"_self\"><img decoding=\"async\" src=\"https:\/\/galerieballesteros.fr\/wp-content\/uploads\/2026\/09\/Marcel-BLAIRAT1849-1891Lodalisque-au-perroquet-7.jpg\" data-orig-src=\"https:\/\/galerieballesteros.fr\/wp-content\/uploads\/2026\/09\/Marcel-BLAIRAT1849-1891Lodalisque-au-perroquet-7.jpg\" width=\"1200\" height=\"1516\" alt=\"Marcel BLAIRAT(1849-1891)L\u2019odalisque au perroquet 7\" title=\"Marcel BLAIRAT(1849-1891)L\u2019odalisque au perroquet 7\" aria-label=\"Marcel BLAIRAT(1849-1891)L\u2019odalisque au perroquet 7\" class=\"lazyload img-responsive wp-image-13321\" srcset=\"data:image\/svg+xml,%3Csvg%20xmlns%3D%27http%3A%2F%2Fwww.w3.org%2F2000%2Fsvg%27%20width%3D%271200%27%20height%3D%271516%27%20viewBox%3D%270%200%201200%201516%27%3E%3Crect%20width%3D%271200%27%20height%3D%271516%27%20fill-opacity%3D%220%22%2F%3E%3C%2Fsvg%3E\" data-srcset=\"https:\/\/galerieballesteros.fr\/wp-content\/uploads\/2026\/09\/Marcel-BLAIRAT1849-1891Lodalisque-au-perroquet-7-200x253.jpg 200w, https:\/\/galerieballesteros.fr\/wp-content\/uploads\/2026\/09\/Marcel-BLAIRAT1849-1891Lodalisque-au-perroquet-7-400x505.jpg 400w, https:\/\/galerieballesteros.fr\/wp-content\/uploads\/2026\/09\/Marcel-BLAIRAT1849-1891Lodalisque-au-perroquet-7-600x758.jpg 600w, https:\/\/galerieballesteros.fr\/wp-content\/uploads\/2026\/09\/Marcel-BLAIRAT1849-1891Lodalisque-au-perroquet-7-800x1011.jpg 800w, https:\/\/galerieballesteros.fr\/wp-content\/uploads\/2026\/09\/Marcel-BLAIRAT1849-1891Lodalisque-au-perroquet-7.jpg 1200w\" data-sizes=\"auto\" data-orig-sizes=\"(min-width: 2200px) 100vw, (min-width: 640px) 1920px, \" \/><\/a><\/div><\/div><div class=\"clearfix\"><\/div><\/div><\/div><\/div><\/div><div class=\"fusion-layout-column fusion_builder_column fusion-builder-column-1 fusion_builder_column_1_3 1_3 fusion-flex-column\" style=\"--awb-bg-size:cover;--awb-width-large:33.333333333333%;--awb-margin-top-large:0px;--awb-spacing-right-large:5.76%;--awb-margin-bottom-large:20px;--awb-spacing-left-large:5.76%;--awb-width-medium:33.333333333333%;--awb-order-medium:0;--awb-spacing-right-medium:5.76%;--awb-spacing-left-medium:5.76%;--awb-width-small:100%;--awb-order-small:0;--awb-spacing-right-small:1.92%;--awb-spacing-left-small:1.92%;\"><div class=\"fusion-column-wrapper fusion-column-has-shadow fusion-flex-justify-content-flex-start fusion-content-layout-column\"><div class=\"fusion-text fusion-text-1\" style=\"--awb-text-transform:none;\"><h2>Marcel Blairat<span class=\"Apple-converted-space\"> <\/span><\/h2>\n<p><strong>An Orientalist work, \u201cThe Odalisque with the Parrot\u201d by watercolorist Marcel Blairat. A colorful watercolor, full of vitality <\/strong><\/p>\n<h6>Watercolor on paper<span class=\"Apple-converted-space\"><br \/>\n<\/span>Signed lower left<br \/>\nDimensions: 42 x 64 cm<br \/>\nWith frame: 73 x 94 cm<\/h6>\n<h6>Price: 4500 euros<\/h6>\n<h6><span style=\"font-size: 16px;\"><div class=\"fusion-separator fusion-full-width-sep\" style=\"align-self: center;margin-left: auto;margin-right: auto;margin-bottom:15px;width:100%;\"><div class=\"fusion-separator-border sep-double\" style=\"--awb-height:20px;--awb-amount:20px;border-color:#e2e2e2;border-top-width:0px;border-bottom-width:0px;\"><\/div><\/div><\/span><\/h6>\n<h3>Marcel Blairat, a talented watercolorist and colorist.<\/h3>\n<p>Watelet&#8217;s painting oscillates between the classical formula of the composed landscape\u2014whose decorative aspect he emphasizes\u2014and a more naturalistic style.<\/p>\n<p>From the neoclassical design, Watelet retains a taste for the layering of planes\u2014which allows him to push back the horizon while enlarging the space\u2014and for the skillful distribution of light.<\/p>\n<p>His style is precise down to the smallest detail and is characterized by elegance and refinement.<\/p>\n<p>Our painting is a good example of this<\/p>\n<h3><span style=\"font-size: 16px;\"><div class=\"fusion-separator fusion-full-width-sep\" style=\"align-self: center;margin-left: auto;margin-right: auto;margin-bottom:15px;width:100%;\"><div class=\"fusion-separator-border sep-double\" style=\"--awb-height:20px;--awb-amount:20px;border-color:#e2e2e2;border-top-width:0px;border-bottom-width:0px;\"><\/div><\/div><\/span><\/h3>\n<h3>A scene from everyday life<\/h3>\n<p>Her work is characterized by a subtle use of color and attention to detail, which allows her to convey a lively and immersive atmosphere. Our fresh and vibrant watercolor is a good example of this. <\/p>\n<p>Here, a nude young woman wears a red headdress adorned with gold sequins and sparkling jewelry. She is reclining on a sofa covered with a colorful patterned drape and playing with a parrot.<\/p>\n<div class=\"fusion-separator fusion-full-width-sep\" style=\"align-self: center;margin-left: auto;margin-right: auto;margin-bottom:15px;width:100%;\"><div class=\"fusion-separator-border sep-double\" style=\"--awb-height:20px;--awb-amount:20px;border-color:#e2e2e2;border-top-width:0px;border-bottom-width:0px;\"><\/div><\/div>\n<h3>\u201cThe Odalisque with the Parrot\u201d; the parrot, a symbolic animal in painting<\/h3>\n<p>His image has inspired many artists. Already known in ancient times, the animal was highly considered for its ability to repeat words. Finally, the exotic animal, the parrot, can be represented because of its rarity and its price, as an indicator of social status.  <span class=\"Apple-converted-space\"> <\/span><\/p>\n<p>Whoever owns a parrot belongs to the wealthiest social class.<\/p>\n<p>More modern painters, such as Manet and Frida Kahlo in her self-portrait with parrots, have depicted him.<\/p>\n<div class=\"fusion-separator fusion-full-width-sep\" style=\"align-self: center;margin-left: auto;margin-right: auto;margin-bottom:15px;width:100%;\"><div class=\"fusion-separator-border sep-double\" style=\"--awb-height:20px;--awb-amount:20px;border-color:#e2e2e2;border-top-width:0px;border-bottom-width:0px;\"><\/div><\/div>\n<h4><span style=\"font-size: 16px;\">Biography<\/span><\/h4>\n<p>Marcel Blairat was a French painter, watercolorist, and printmaker, known for the quality of his watercolors.<span class=\"Apple-converted-space\"> <\/span><\/p>\n<p>He made his debut at the Paris Salon in 1877 and participated in Parisian exhibitions, where he displayed Orientalist etchings and watercolors.<\/p>\n<p>He is best known for his works inspired by landscapes, particularly those of Upper Egypt\u2014where he lived for a time\u2014and the Camargue.<\/p>\n<p>Blairat has developed his own style and focuses on Oriental scenes and natural landscapes.<span class=\"Apple-converted-space\"> <\/span><\/p>\n<div class=\"fusion-separator fusion-full-width-sep\" style=\"align-self: center;margin-left: auto;margin-right: auto;margin-bottom:15px;width:100%;\"><div class=\"fusion-separator-border sep-double\" style=\"--awb-height:20px;--awb-amount:20px;border-color:#e2e2e2;border-top-width:0px;border-bottom-width:0px;\"><\/div><\/div>\n<h4>Bibliography<\/h4>\n<p>\u2022 E. B\u00e9n\u00e9zit, *Dictionary of Painters, Sculptors, Draftsmen, and Engravers*, Gr\u00fcnd<\/p>\n<p>\u2022 \u201cThe Minor Masters of Painting (1820\u20131920)\u201d by G\u00e9rald Schurr and Pierre Cabanne<\/p>\n<div class=\"fusion-separator fusion-full-width-sep\" style=\"align-self: center;margin-left: auto;margin-right: auto;margin-bottom:15px;width:100%;\"><div class=\"fusion-separator-border sep-double\" style=\"--awb-height:20px;--awb-amount:20px;border-color:#e2e2e2;border-top-width:0px;border-bottom-width:0px;\"><\/div><\/div>\n<h4>Museums<\/h4>\n<p>\u2022 Geneva, Museum of Art and History<\/p>\n<p>\u2022 New York, Metropolitan Museum, etching<\/p>\n<\/div><div style=\"text-align:center;\"><a class=\"fusion-button button-flat fusion-button-default-size button-default fusion-button-default button-1 fusion-button-default-span fusion-button-default-type\" style=\"--button_margin-top:20px;\" target=\"_self\" href=\"https:\/\/galerieballesteros.fr\/en\/contact\/\"><i class=\"fa-angle-right fas awb-button__icon awb-button__icon--default button-icon-left\" aria-hidden=\"true\"><\/i><span class=\"fusion-button-text awb-button__text awb-button__text--default\">Contact<\/span><\/a><\/div><\/div><\/div><\/div><\/div><div class=\"fusion-fullwidth fullwidth-box fusion-builder-row-2 fusion-flex-container nonhundred-percent-fullwidth non-hundred-percent-height-scrolling\" style=\"--awb-border-radius-top-left:0px;--awb-border-radius-top-right:0px;--awb-border-radius-bottom-right:0px;--awb-border-radius-bottom-left:0px;--awb-flex-wrap:wrap;\" ><div class=\"fusion-builder-row fusion-row fusion-flex-align-items-flex-start fusion-flex-content-wrap\" style=\"max-width:1996.8px;margin-left: calc(-4% \/ 2 );margin-right: calc(-4% \/ 2 );\"><div class=\"fusion-layout-column fusion_builder_column fusion-builder-column-2 fusion_builder_column_1_1 1_1 fusion-flex-column\" style=\"--awb-bg-size:cover;--awb-width-large:100%;--awb-margin-top-large:0px;--awb-spacing-right-large:1.92%;--awb-margin-bottom-large:20px;--awb-spacing-left-large:1.92%;--awb-width-medium:100%;--awb-order-medium:0;--awb-spacing-right-medium:1.92%;--awb-spacing-left-medium:1.92%;--awb-width-small:100%;--awb-order-small:0;--awb-spacing-right-small:1.92%;--awb-spacing-left-small:1.92%;\"><div class=\"fusion-column-wrapper fusion-column-has-shadow fusion-flex-justify-content-flex-start fusion-content-layout-column\"><\/div><\/div><\/div><\/div><div class=\"fusion-fullwidth fullwidth-box fusion-builder-row-3 fusion-flex-container nonhundred-percent-fullwidth non-hundred-percent-height-scrolling\" style=\"--awb-border-radius-top-left:0px;--awb-border-radius-top-right:0px;--awb-border-radius-bottom-right:0px;--awb-border-radius-bottom-left:0px;--awb-flex-wrap:wrap;\" ><div class=\"fusion-builder-row fusion-row fusion-flex-align-items-flex-start fusion-flex-content-wrap\" style=\"max-width:1996.8px;margin-left: calc(-4% \/ 2 );margin-right: calc(-4% \/ 2 );\"><div class=\"fusion-layout-column fusion_builder_column fusion-builder-column-3 fusion_builder_column_1_1 1_1 fusion-flex-column\" style=\"--awb-bg-blend:overlay;--awb-bg-size:cover;--awb-width-large:100%;--awb-margin-top-large:0px;--awb-spacing-right-large:1.92%;--awb-margin-bottom-large:0px;--awb-spacing-left-large:1.92%;--awb-width-medium:100%;--awb-spacing-right-medium:1.92%;--awb-spacing-left-medium:1.92%;--awb-width-small:100%;--awb-spacing-right-small:1.92%;--awb-spacing-left-small:1.92%;\"><div class=\"fusion-column-wrapper fusion-flex-justify-content-flex-start fusion-content-layout-column\"><div class=\"fusion-text fusion-text-2\"><\/div><\/div><\/div><\/div><\/div><\/p>\n","protected":false},"excerpt":{"rendered":"","protected":false},"author":3,"featured_media":13305,"menu_order":0,"comment_status":"open","ping_status":"closed","template":"","format":"standard","meta":{"_monsterinsights_skip_tracking":false,"footnotes":""},"portfolio_category":[75,78,79,85],"portfolio_skills":[],"portfolio_tags":[],"class_list":["post-13323","avada_portfolio","type-avada_portfolio","status-publish","format-standard","has-post-thumbnail","hentry","portfolio_category-featured","portfolio_category-naked","portfolio_category-nineteenth-century","portfolio_category-orientalism"],"yoast_head":"<!-- This site is optimized with the Yoast SEO plugin v28.4 - https:\/\/yoast.com\/product\/yoast-seo-wordpress\/ -->\n<title>Marcel Blairat, *The Odalisque with the Parrot*, Ballesteros Gallery<\/title>\n<meta name=\"description\" content=\"An Orientalist work, \u201cThe Odalisque with the Parrot\u201d by Marcel Blairat. A colorful watercolor, full of vitality.\" \/>\n<meta name=\"robots\" content=\"index, follow, max-snippet:-1, max-image-preview:large, max-video-preview:-1\" \/>\n<link rel=\"canonical\" href=\"https:\/\/galerieballesteros.fr\/en\/portfolio-items\/marcel-blairat-1849-1891-the-odalisque-with-the-parrot\/\" \/>\n<meta property=\"og:locale\" content=\"en_US\" \/>\n<meta property=\"og:type\" content=\"article\" \/>\n<meta property=\"og:title\" content=\"Marcel Blairat, *The Odalisque with the Parrot*, Ballesteros Gallery\" \/>\n<meta property=\"og:description\" content=\"An Orientalist work, \u201cThe Odalisque with the Parrot\u201d by Marcel Blairat. A colorful watercolor, full of vitality.\" \/>\n<meta property=\"og:url\" content=\"https:\/\/galerieballesteros.fr\/en\/portfolio-items\/marcel-blairat-1849-1891-the-odalisque-with-the-parrot\/\" \/>\n<meta property=\"og:site_name\" content=\"Galerie Ballesteros\" \/>\n<meta property=\"article:publisher\" content=\"https:\/\/www.facebook.com\/galerieballesterosparis\/\" \/>\n<meta property=\"article:modified_time\" content=\"2026-09-06T09:05:53+00:00\" \/>\n<meta property=\"og:image\" content=\"https:\/\/galerieballesteros.fr\/wp-content\/uploads\/2026\/09\/Marcel-BLAIRAT1849-1891Lodalisque-au-perroquet.jpg\" \/>\n\t<meta property=\"og:image:width\" content=\"1849\" \/>\n\t<meta property=\"og:image:height\" content=\"1200\" \/>\n\t<meta property=\"og:image:type\" content=\"image\/jpeg\" \/>\n<meta name=\"twitter:card\" content=\"summary_large_image\" \/>\n<meta name=\"twitter:label1\" content=\"Est. reading time\" \/>\n\t<meta name=\"twitter:data1\" content=\"11 minutes\" \/>\n<script type=\"application\/ld+json\" class=\"yoast-schema-graph\">{\"@context\":\"https:\\\/\\\/schema.org\",\"@graph\":[{\"@type\":\"WebPage\",\"@id\":\"https:\\\/\\\/galerieballesteros.fr\\\/en\\\/portfolio-items\\\/marcel-blairat-1849-1891-the-odalisque-with-the-parrot\\\/\",\"url\":\"https:\\\/\\\/galerieballesteros.fr\\\/en\\\/portfolio-items\\\/marcel-blairat-1849-1891-the-odalisque-with-the-parrot\\\/\",\"name\":\"Marcel Blairat, *The Odalisque with the Parrot*, Ballesteros Gallery\",\"isPartOf\":{\"@id\":\"https:\\\/\\\/galerieballesteros.fr\\\/#website\"},\"primaryImageOfPage\":{\"@id\":\"https:\\\/\\\/galerieballesteros.fr\\\/en\\\/portfolio-items\\\/marcel-blairat-1849-1891-the-odalisque-with-the-parrot\\\/#primaryimage\"},\"image\":{\"@id\":\"https:\\\/\\\/galerieballesteros.fr\\\/en\\\/portfolio-items\\\/marcel-blairat-1849-1891-the-odalisque-with-the-parrot\\\/#primaryimage\"},\"thumbnailUrl\":\"https:\\\/\\\/galerieballesteros.fr\\\/wp-content\\\/uploads\\\/2026\\\/09\\\/Marcel-BLAIRAT1849-1891Lodalisque-au-perroquet.jpg\",\"datePublished\":\"2026-09-06T08:58:12+00:00\",\"dateModified\":\"2026-09-06T09:05:53+00:00\",\"description\":\"An Orientalist work, \u201cThe Odalisque with the Parrot\u201d by Marcel Blairat. A colorful watercolor, full of vitality.\",\"breadcrumb\":{\"@id\":\"https:\\\/\\\/galerieballesteros.fr\\\/en\\\/portfolio-items\\\/marcel-blairat-1849-1891-the-odalisque-with-the-parrot\\\/#breadcrumb\"},\"inLanguage\":\"en-US\",\"potentialAction\":[{\"@type\":\"ReadAction\",\"target\":[\"https:\\\/\\\/galerieballesteros.fr\\\/en\\\/portfolio-items\\\/marcel-blairat-1849-1891-the-odalisque-with-the-parrot\\\/\"]}]},{\"@type\":\"ImageObject\",\"inLanguage\":\"en-US\",\"@id\":\"https:\\\/\\\/galerieballesteros.fr\\\/en\\\/portfolio-items\\\/marcel-blairat-1849-1891-the-odalisque-with-the-parrot\\\/#primaryimage\",\"url\":\"https:\\\/\\\/galerieballesteros.fr\\\/wp-content\\\/uploads\\\/2026\\\/09\\\/Marcel-BLAIRAT1849-1891Lodalisque-au-perroquet.jpg\",\"contentUrl\":\"https:\\\/\\\/galerieballesteros.fr\\\/wp-content\\\/uploads\\\/2026\\\/09\\\/Marcel-BLAIRAT1849-1891Lodalisque-au-perroquet.jpg\",\"width\":1849,\"height\":1200,\"caption\":\"Marcel BLAIRAT(1849-1891)L\u2019odalisque au perroquet cadre\"},{\"@type\":\"BreadcrumbList\",\"@id\":\"https:\\\/\\\/galerieballesteros.fr\\\/en\\\/portfolio-items\\\/marcel-blairat-1849-1891-the-odalisque-with-the-parrot\\\/#breadcrumb\",\"itemListElement\":[{\"@type\":\"ListItem\",\"position\":1,\"name\":\"Accueil\",\"item\":\"https:\\\/\\\/galerieballesteros.fr\\\/en\\\/homepage\\\/\"},{\"@type\":\"ListItem\",\"position\":2,\"name\":\"Portfolio\",\"item\":\"https:\\\/\\\/galerieballesteros.fr\\\/portfolio-items\\\/\"},{\"@type\":\"ListItem\",\"position\":3,\"name\":\"Marcel BLAIRAT (1849\u20131891) The Odalisque with the Parrot\"}]},{\"@type\":\"WebSite\",\"@id\":\"https:\\\/\\\/galerieballesteros.fr\\\/#website\",\"url\":\"https:\\\/\\\/galerieballesteros.fr\\\/\",\"name\":\"Galerie Ballesteros\",\"description\":\"L&#039;Art que vous aimez\",\"publisher\":{\"@id\":\"https:\\\/\\\/galerieballesteros.fr\\\/#organization\"},\"potentialAction\":[{\"@type\":\"SearchAction\",\"target\":{\"@type\":\"EntryPoint\",\"urlTemplate\":\"https:\\\/\\\/galerieballesteros.fr\\\/?s={search_term_string}\"},\"query-input\":{\"@type\":\"PropertyValueSpecification\",\"valueRequired\":true,\"valueName\":\"search_term_string\"}}],\"inLanguage\":\"en-US\"},{\"@type\":\"Organization\",\"@id\":\"https:\\\/\\\/galerieballesteros.fr\\\/#organization\",\"name\":\"Galerie Ballesteros\",\"url\":\"https:\\\/\\\/galerieballesteros.fr\\\/\",\"logo\":{\"@type\":\"ImageObject\",\"inLanguage\":\"en-US\",\"@id\":\"https:\\\/\\\/galerieballesteros.fr\\\/#\\\/schema\\\/logo\\\/image\\\/\",\"url\":\"https:\\\/\\\/galerieballesteros.fr\\\/wp-content\\\/uploads\\\/2022\\\/03\\\/Logo-Sigle-Insta.png\",\"contentUrl\":\"https:\\\/\\\/galerieballesteros.fr\\\/wp-content\\\/uploads\\\/2022\\\/03\\\/Logo-Sigle-Insta.png\",\"width\":612,\"height\":619,\"caption\":\"Galerie Ballesteros\"},\"image\":{\"@id\":\"https:\\\/\\\/galerieballesteros.fr\\\/#\\\/schema\\\/logo\\\/image\\\/\"},\"sameAs\":[\"https:\\\/\\\/www.facebook.com\\\/galerieballesterosparis\\\/\",\"https:\\\/\\\/www.instagram.com\\\/galerieballesteros\\\/\"]}]}<\/script>\n<!-- \/ Yoast SEO plugin. -->","yoast_head_json":{"title":"Marcel Blairat, *The Odalisque with the Parrot*, Ballesteros Gallery","description":"An Orientalist work, \u201cThe Odalisque with the Parrot\u201d by Marcel Blairat. A colorful watercolor, full of vitality.","robots":{"index":"index","follow":"follow","max-snippet":"max-snippet:-1","max-image-preview":"max-image-preview:large","max-video-preview":"max-video-preview:-1"},"canonical":"https:\/\/galerieballesteros.fr\/en\/portfolio-items\/marcel-blairat-1849-1891-the-odalisque-with-the-parrot\/","og_locale":"en_US","og_type":"article","og_title":"Marcel Blairat, *The Odalisque with the Parrot*, Ballesteros Gallery","og_description":"An Orientalist work, \u201cThe Odalisque with the Parrot\u201d by Marcel Blairat. A colorful watercolor, full of vitality.","og_url":"https:\/\/galerieballesteros.fr\/en\/portfolio-items\/marcel-blairat-1849-1891-the-odalisque-with-the-parrot\/","og_site_name":"Galerie Ballesteros","article_publisher":"https:\/\/www.facebook.com\/galerieballesterosparis\/","article_modified_time":"2026-09-06T09:05:53+00:00","og_image":[{"width":1849,"height":1200,"url":"https:\/\/galerieballesteros.fr\/wp-content\/uploads\/2026\/09\/Marcel-BLAIRAT1849-1891Lodalisque-au-perroquet.jpg","type":"image\/jpeg"}],"twitter_card":"summary_large_image","twitter_misc":{"Est. reading time":"11 minutes"},"schema":{"@context":"https:\/\/schema.org","@graph":[{"@type":"WebPage","@id":"https:\/\/galerieballesteros.fr\/en\/portfolio-items\/marcel-blairat-1849-1891-the-odalisque-with-the-parrot\/","url":"https:\/\/galerieballesteros.fr\/en\/portfolio-items\/marcel-blairat-1849-1891-the-odalisque-with-the-parrot\/","name":"Marcel Blairat, *The Odalisque with the Parrot*, Ballesteros Gallery","isPartOf":{"@id":"https:\/\/galerieballesteros.fr\/#website"},"primaryImageOfPage":{"@id":"https:\/\/galerieballesteros.fr\/en\/portfolio-items\/marcel-blairat-1849-1891-the-odalisque-with-the-parrot\/#primaryimage"},"image":{"@id":"https:\/\/galerieballesteros.fr\/en\/portfolio-items\/marcel-blairat-1849-1891-the-odalisque-with-the-parrot\/#primaryimage"},"thumbnailUrl":"https:\/\/galerieballesteros.fr\/wp-content\/uploads\/2026\/09\/Marcel-BLAIRAT1849-1891Lodalisque-au-perroquet.jpg","datePublished":"2026-09-06T08:58:12+00:00","dateModified":"2026-09-06T09:05:53+00:00","description":"An Orientalist work, \u201cThe Odalisque with the Parrot\u201d by Marcel Blairat. A colorful watercolor, full of vitality.","breadcrumb":{"@id":"https:\/\/galerieballesteros.fr\/en\/portfolio-items\/marcel-blairat-1849-1891-the-odalisque-with-the-parrot\/#breadcrumb"},"inLanguage":"en-US","potentialAction":[{"@type":"ReadAction","target":["https:\/\/galerieballesteros.fr\/en\/portfolio-items\/marcel-blairat-1849-1891-the-odalisque-with-the-parrot\/"]}]},{"@type":"ImageObject","inLanguage":"en-US","@id":"https:\/\/galerieballesteros.fr\/en\/portfolio-items\/marcel-blairat-1849-1891-the-odalisque-with-the-parrot\/#primaryimage","url":"https:\/\/galerieballesteros.fr\/wp-content\/uploads\/2026\/09\/Marcel-BLAIRAT1849-1891Lodalisque-au-perroquet.jpg","contentUrl":"https:\/\/galerieballesteros.fr\/wp-content\/uploads\/2026\/09\/Marcel-BLAIRAT1849-1891Lodalisque-au-perroquet.jpg","width":1849,"height":1200,"caption":"Marcel BLAIRAT(1849-1891)L\u2019odalisque au perroquet cadre"},{"@type":"BreadcrumbList","@id":"https:\/\/galerieballesteros.fr\/en\/portfolio-items\/marcel-blairat-1849-1891-the-odalisque-with-the-parrot\/#breadcrumb","itemListElement":[{"@type":"ListItem","position":1,"name":"Accueil","item":"https:\/\/galerieballesteros.fr\/en\/homepage\/"},{"@type":"ListItem","position":2,"name":"Portfolio","item":"https:\/\/galerieballesteros.fr\/portfolio-items\/"},{"@type":"ListItem","position":3,"name":"Marcel BLAIRAT (1849\u20131891) The Odalisque with the Parrot"}]},{"@type":"WebSite","@id":"https:\/\/galerieballesteros.fr\/#website","url":"https:\/\/galerieballesteros.fr\/","name":"Galerie Ballesteros","description":"L&#039;Art que vous aimez","publisher":{"@id":"https:\/\/galerieballesteros.fr\/#organization"},"potentialAction":[{"@type":"SearchAction","target":{"@type":"EntryPoint","urlTemplate":"https:\/\/galerieballesteros.fr\/?s={search_term_string}"},"query-input":{"@type":"PropertyValueSpecification","valueRequired":true,"valueName":"search_term_string"}}],"inLanguage":"en-US"},{"@type":"Organization","@id":"https:\/\/galerieballesteros.fr\/#organization","name":"Galerie Ballesteros","url":"https:\/\/galerieballesteros.fr\/","logo":{"@type":"ImageObject","inLanguage":"en-US","@id":"https:\/\/galerieballesteros.fr\/#\/schema\/logo\/image\/","url":"https:\/\/galerieballesteros.fr\/wp-content\/uploads\/2022\/03\/Logo-Sigle-Insta.png","contentUrl":"https:\/\/galerieballesteros.fr\/wp-content\/uploads\/2022\/03\/Logo-Sigle-Insta.png","width":612,"height":619,"caption":"Galerie Ballesteros"},"image":{"@id":"https:\/\/galerieballesteros.fr\/#\/schema\/logo\/image\/"},"sameAs":["https:\/\/www.facebook.com\/galerieballesterosparis\/","https:\/\/www.instagram.com\/galerieballesteros\/"]}]}},"_links":{"self":[{"href":"https:\/\/galerieballesteros.fr\/en\/wp-json\/wp\/v2\/avada_portfolio\/13323","targetHints":{"allow":["GET"]}}],"collection":[{"href":"https:\/\/galerieballesteros.fr\/en\/wp-json\/wp\/v2\/avada_portfolio"}],"about":[{"href":"https:\/\/galerieballesteros.fr\/en\/wp-json\/wp\/v2\/types\/avada_portfolio"}],"author":[{"embeddable":true,"href":"https:\/\/galerieballesteros.fr\/en\/wp-json\/wp\/v2\/users\/3"}],"replies":[{"embeddable":true,"href":"https:\/\/galerieballesteros.fr\/en\/wp-json\/wp\/v2\/comments?post=13323"}],"version-history":[{"count":9,"href":"https:\/\/galerieballesteros.fr\/en\/wp-json\/wp\/v2\/avada_portfolio\/13323\/revisions"}],"predecessor-version":[{"id":13332,"href":"https:\/\/galerieballesteros.fr\/en\/wp-json\/wp\/v2\/avada_portfolio\/13323\/revisions\/13332"}],"wp:featuredmedia":[{"embeddable":true,"href":"https:\/\/galerieballesteros.fr\/en\/wp-json\/wp\/v2\/media\/13305"}],"wp:attachment":[{"href":"https:\/\/galerieballesteros.fr\/en\/wp-json\/wp\/v2\/media?parent=13323"}],"wp:term":[{"taxonomy":"portfolio_category","embeddable":true,"href":"https:\/\/galerieballesteros.fr\/en\/wp-json\/wp\/v2\/portfolio_category?post=13323"},{"taxonomy":"portfolio_skills","embeddable":true,"href":"https:\/\/galerieballesteros.fr\/en\/wp-json\/wp\/v2\/portfolio_skills?post=13323"},{"taxonomy":"portfolio_tags","embeddable":true,"href":"https:\/\/galerieballesteros.fr\/en\/wp-json\/wp\/v2\/portfolio_tags?post=13323"}],"curies":[{"name":"wp","href":"https:\/\/api.w.org\/{rel}","templated":true}]}}